{"id":1182,"date":"2024-07-10T08:05:09","date_gmt":"2024-07-10T06:05:09","guid":{"rendered":"https:\/\/energieberatung-seeland.ch\/?page_id=1182"},"modified":"2024-07-10T08:05:11","modified_gmt":"2024-07-10T06:05:11","slug":"mitgliederversammlung-seeland-biel-bienne","status":"publish","type":"page","link":"https:\/\/energieberatung-seeland.ch\/de_de\/mitgliederversammlung-seeland-biel-bienne\/","title":{"rendered":"Mitgliederversammlung seeland.biel\/bienne"},"content":{"rendered":"\n<p>Am 01.07.2024 fand in Lyss die erste Mitgliederversammlung f\u00fcr 2024 der 61 Gemeinden aus dem Seeland in der Kulturfabrik Lyss statt. Sie tagt zweimal j\u00e4hrlich, bestimmt T\u00e4tigkeitsprogramm und Budget und beschliesst regionale Richtpl\u00e4ne und Konzepte. <\/p>\n\n\n\n<p>Dieses Mal stand vor allem der Beschluss des Richtplans <strong>\u00abWindenergie Biel-Seeland\u00bb<\/strong> im Mittelpunkt. Nach einer umfassenden Analyse haben 4 Standorte im Seeland das Potenzial als Standort f\u00fcr einen Windpark weiter in Betracht gezogen zu werden. Die Versammlung hat mit 105 Ja- zu 49 Nein-Stimmen (8 Enthaltungen) dem Windrichtplan deutlich zugestimmt.<\/p>\n\n\n\n<p>Damit ist der Weg frei, damit interessierte Gemeinden und Betreiber nun Windparkprojekte im Detail ausarbeiten k\u00f6nnen (frei nach Raynald Richard, Vorstandsmitglied und Pr\u00e4sident der Konferenz Raumentwicklung und Landschaft)<\/p>\n\n\n\n<div class=\"wp-block-uagb-image alignleft uagb-block-6ea5dce8 wp-block-uagb-image--layout-default wp-block-uagb-image--effect-static wp-block-uagb-image--align-left\"><figure class=\"wp-block-uagb-image__figure\"><img loading=\"lazy\" decoding=\"async\" srcset=\"https:\/\/energieberatung-seeland.ch\/wp-content\/uploads\/2024\/07\/Mitgliederversammlung-Lyss-1-768x1024.jpg ,https:\/\/energieberatung-seeland.ch\/wp-content\/uploads\/2024\/07\/Mitgliederversammlung-Lyss-1.jpg 780w, https:\/\/energieberatung-seeland.ch\/wp-content\/uploads\/2024\/07\/Mitgliederversammlung-Lyss-1.jpg 360w\" sizes=\"auto, (max-width: 480px) 150px\" src=\"https:\/\/energieberatung-seeland.ch\/wp-content\/uploads\/2024\/07\/Mitgliederversammlung-Lyss-1-768x1024.jpg\" alt=\"\" class=\"uag-image-1183\" width=\"528\" height=\"704\" title=\"Mitgliederversammlung-Lyss-1\" loading=\"lazy\" role=\"img\"\/><\/figure><\/div>\n","protected":false},"excerpt":{"rendered":"<p>Am 01.07.2024 fand in Lyss die erste Mitgliederversammlung f\u00fcr 2024 der 61 Gemeinden aus dem Seeland in der Kulturfabrik Lyss statt. Sie tagt zweimal j\u00e4hrlich, bestimmt T\u00e4tigkeitsprogramm und Budget und beschliesst regionale Richtpl\u00e4ne und Konzepte. Dieses Mal stand vor allem der Beschluss des Richtplans \u00abWindenergie Biel-Seeland\u00bb im Mittelpunkt. Nach einer umfassenden Analyse haben 4 Standorte [&hellip;]<\/p>\n","protected":false},"author":2,"featured_media":0,"parent":0,"menu_order":0,"comment_status":"closed","ping_status":"closed","template":"","meta":{"_uag_custom_page_level_css":"","site-sidebar-layout":"default","site-content-layout":"","ast-site-content-layout":"default","site-content-style":"default","site-sidebar-style":"default","ast-global-header-display":"","ast-banner-title-visibility":"","ast-main-header-display":"","ast-hfb-above-header-display":"","ast-hfb-below-header-display":"","ast-hfb-mobile-header-display":"","site-post-title":"","ast-breadcrumbs-content":"","ast-featured-img":"","footer-sml-layout":"","ast-disable-related-posts":"","theme-transparent-header-meta":"","adv-header-id-meta":"","stick-header-meta":"","header-above-stick-meta":"","header-main-stick-meta":"","header-below-stick-meta":"","astra-migrate-meta-layouts":"set","ast-page-background-enabled":"default","ast-page-background-meta":{"desktop":{"background-color":"var(--ast-global-color-4)","background-image":"","background-repeat":"repeat","background-position":"center center","background-size":"auto","background-attachment":"scroll","background-type":"","background-media":"","overlay-type":"","overlay-color":"","overlay-opacity":"","overlay-gradient":""},"tablet":{"background-color":"","background-image":"","background-repeat":"repeat","background-position":"center center","background-size":"auto","background-attachment":"scroll","background-type":"","background-media":"","overlay-type":"","overlay-color":"","overlay-opacity":"","overlay-gradient":""},"mobile":{"background-color":"","background-image":"","background-repeat":"repeat","background-position":"center center","background-size":"auto","background-attachment":"scroll","background-type":"","background-media":"","overlay-type":"","overlay-color":"","overlay-opacity":"","overlay-gradient":""}},"ast-content-background-meta":{"desktop":{"background-color":"var(--ast-global-color-5)","background-image":"","background-repeat":"repeat","background-position":"center center","background-size":"auto","background-attachment":"scroll","background-type":"","background-media":"","overlay-type":"","overlay-color":"","overlay-opacity":"","overlay-gradient":""},"tablet":{"background-color":"var(--ast-global-color-5)","background-image":"","background-repeat":"repeat","background-position":"center center","background-size":"auto","background-attachment":"scroll","background-type":"","background-media":"","overlay-type":"","overlay-color":"","overlay-opacity":"","overlay-gradient":""},"mobile":{"background-color":"var(--ast-global-color-5)","background-image":"","background-repeat":"repeat","background-position":"center center","background-size":"auto","background-attachment":"scroll","background-type":"","background-media":"","overlay-type":"","overlay-color":"","overlay-opacity":"","overlay-gradient":""}},"footnotes":""},"class_list":["post-1182","page","type-page","status-publish","hentry"],"uagb_featured_image_src":{"full":false,"thumbnail":false,"medium":false,"medium_large":false,"large":false,"1536x1536":false,"2048x2048":false,"trp-custom-language-flag":false},"uagb_author_info":{"display_name":"Beat Bachmann","author_link":"https:\/\/energieberatung-seeland.ch\/de_de\/author\/lehnherre\/"},"uagb_comment_info":0,"uagb_excerpt":"Am 01.07.2024 fand in Lyss die erste Mitgliederversammlung f\u00fcr 2024 der 61 Gemeinden aus dem Seeland in der Kulturfabrik Lyss statt. Sie tagt zweimal j\u00e4hrlich, bestimmt T\u00e4tigkeitsprogramm und Budget und beschliesst regionale Richtpl\u00e4ne und Konzepte. Dieses Mal stand vor allem der Beschluss des Richtplans \u00abWindenergie Biel-Seeland\u00bb im Mittelpunkt. Nach einer umfassenden Analyse haben 4 Standorte&hellip;","_links":{"self":[{"href":"https:\/\/energieberatung-seeland.ch\/de_de\/wp-json\/wp\/v2\/pages\/1182","targetHints":{"allow":["GET"]}}],"collection":[{"href":"https:\/\/energieberatung-seeland.ch\/de_de\/wp-json\/wp\/v2\/pages"}],"about":[{"href":"https:\/\/energieberatung-seeland.ch\/de_de\/wp-json\/wp\/v2\/types\/page"}],"author":[{"embeddable":true,"href":"https:\/\/energieberatung-seeland.ch\/de_de\/wp-json\/wp\/v2\/users\/2"}],"replies":[{"embeddable":true,"href":"https:\/\/energieberatung-seeland.ch\/de_de\/wp-json\/wp\/v2\/comments?post=1182"}],"version-history":[{"count":1,"href":"https:\/\/energieberatung-seeland.ch\/de_de\/wp-json\/wp\/v2\/pages\/1182\/revisions"}],"predecessor-version":[{"id":1185,"href":"https:\/\/energieberatung-seeland.ch\/de_de\/wp-json\/wp\/v2\/pages\/1182\/revisions\/1185"}],"wp:attachment":[{"href":"https:\/\/energieberatung-seeland.ch\/de_de\/wp-json\/wp\/v2\/media?parent=1182"}],"curies":[{"name":"wp","href":"https:\/\/api.w.org\/{rel}","templated":true}]}}