{"id":37,"date":"2024-04-11T13:40:20","date_gmt":"2024-04-11T11:40:20","guid":{"rendered":"http:\/\/energieberatung-seeland.ch\/?page_id=37"},"modified":"2026-04-02T11:18:15","modified_gmt":"2026-04-02T09:18:15","slug":"energieberatung-seeland","status":"publish","type":"page","link":"https:\/\/energieberatung-seeland.ch\/de_de\/energieberatung-seeland\/","title":{"rendered":"News\/Events"},"content":{"rendered":"\n<div class=\"wp-block-media-text is-stacked-on-mobile is-image-fill-element\" style=\"grid-template-columns:40% auto\"><figure class=\"wp-block-media-text__media\"><a href=\"https:\/\/energieberatung-seeland.ch\/de_de\/rueckblick-gewerbe-apero-bruegg\/\"><img fetchpriority=\"high\" decoding=\"async\" width=\"768\" height=\"1024\" src=\"https:\/\/energieberatung-seeland.ch\/wp-content\/uploads\/2026\/04\/IMG_20260401_183400098_HDR-768x1024.jpg\" alt=\"\" class=\"wp-image-1846 size-medium\" style=\"object-position:50% 50%\" srcset=\"https:\/\/energieberatung-seeland.ch\/wp-content\/uploads\/2026\/04\/IMG_20260401_183400098_HDR-768x1024.jpg 768w, https:\/\/energieberatung-seeland.ch\/wp-content\/uploads\/2026\/04\/IMG_20260401_183400098_HDR-225x300.jpg 225w, https:\/\/energieberatung-seeland.ch\/wp-content\/uploads\/2026\/04\/IMG_20260401_183400098_HDR-1152x1536.jpg 1152w, https:\/\/energieberatung-seeland.ch\/wp-content\/uploads\/2026\/04\/IMG_20260401_183400098_HDR-1536x2048.jpg 1536w, https:\/\/energieberatung-seeland.ch\/wp-content\/uploads\/2026\/04\/IMG_20260401_183400098_HDR-9x12.jpg 9w, https:\/\/energieberatung-seeland.ch\/wp-content\/uploads\/2026\/04\/IMG_20260401_183400098_HDR-scaled.jpg 1920w\" sizes=\"(max-width: 768px) 100vw, 768px\" \/><\/a><\/figure><div class=\"wp-block-media-text__content\">\n<div class=\"wp-block-uagb-advanced-heading uagb-block-dd1d327e\"><h2 class=\"uagb-heading-text\"><a href=\"https:\/\/energieberatung-seeland.ch\/de_de\/rueckblick-gewerbe-apero-bruegg\/\">Gewerbe Ap\u00e9ro in Br\u00fcgg<\/a><\/h2><\/div>\n\n\n\n<p>Am 01. April 2026 fand in Br\u00fcgg der Gewerbe Ap\u00e9ro statt, zu dem die Gemeinde alle zwei Jahre einl\u00e4dt. Mit etwa 70 Anmeldungen ein gelungener Netzwerkanlass.<\/p>\n\n\n\n<p>Wir durften einen Input bringen und unsere Angebote und Leistungen f\u00fcr KMU und Co. vorstellen.<\/p>\n<\/div><\/div>\n\n\n\n<hr class=\"wp-block-separator has-alpha-channel-opacity is-style-wide\"\/>\n\n\n\n<div class=\"wp-block-media-text is-stacked-on-mobile\" style=\"grid-template-columns:40% auto\"><figure class=\"wp-block-media-text__media\"><a href=\"https:\/\/www.uvek-gis.admin.ch\/BFE\/sonnendach\/?lang=de\"><img decoding=\"async\" width=\"1024\" height=\"549\" src=\"https:\/\/energieberatung-seeland.ch\/wp-content\/uploads\/2026\/01\/Bild_Solarpflicht-1024x549.png\" alt=\"\" class=\"wp-image-1812 size-full\" srcset=\"https:\/\/energieberatung-seeland.ch\/wp-content\/uploads\/2026\/01\/Bild_Solarpflicht-1024x549.png 1024w, https:\/\/energieberatung-seeland.ch\/wp-content\/uploads\/2026\/01\/Bild_Solarpflicht-300x161.png 300w, https:\/\/energieberatung-seeland.ch\/wp-content\/uploads\/2026\/01\/Bild_Solarpflicht-768x412.png 768w, https:\/\/energieberatung-seeland.ch\/wp-content\/uploads\/2026\/01\/Bild_Solarpflicht-18x10.png 18w, https:\/\/energieberatung-seeland.ch\/wp-content\/uploads\/2026\/01\/Bild_Solarpflicht.png 1349w\" sizes=\"(max-width: 1024px) 100vw, 1024px\" \/><\/a><\/figure><div class=\"wp-block-media-text__content\">\n<div class=\"wp-block-uagb-advanced-heading uagb-block-85799a8f\"><h2 class=\"uagb-heading-text\"><a href=\"https:\/\/energieberatung-seeland.ch\/de_de\/informationen-zur-solarpflicht-ab-2026\/\">Informationen zur Solarpflicht ab 2026<\/a><\/h2><\/div>\n\n\n\n<p>Seit 01.01.2026 gelten neue Vorschriften zur Solarpflicht f\u00fcr Neubauten und Erweiterungen sowie f\u00fcr Parkpl\u00e4tze. F\u00fcr bestehende Bauten gilt neu eine Meldepflicht bei umfassende Dachsanierung<\/p>\n<\/div><\/div>\n\n\n\n<hr class=\"wp-block-separator has-alpha-channel-opacity is-style-wide\"\/>\n\n\n\n<div class=\"wp-block-media-text is-stacked-on-mobile\" style=\"grid-template-columns:40% auto\"><figure class=\"wp-block-media-text__media\"><img decoding=\"async\" width=\"1024\" height=\"576\" src=\"https:\/\/energieberatung-seeland.ch\/wp-content\/uploads\/2025\/10\/20251022_150204-1024x576.jpg\" alt=\"\" class=\"wp-image-1679 size-full\" srcset=\"https:\/\/energieberatung-seeland.ch\/wp-content\/uploads\/2025\/10\/20251022_150204-1024x576.jpg 1024w, https:\/\/energieberatung-seeland.ch\/wp-content\/uploads\/2025\/10\/20251022_150204-300x169.jpg 300w, https:\/\/energieberatung-seeland.ch\/wp-content\/uploads\/2025\/10\/20251022_150204-768x432.jpg 768w, https:\/\/energieberatung-seeland.ch\/wp-content\/uploads\/2025\/10\/20251022_150204-1536x864.jpg 1536w, https:\/\/energieberatung-seeland.ch\/wp-content\/uploads\/2025\/10\/20251022_150204-2048x1152.jpg 2048w, https:\/\/energieberatung-seeland.ch\/wp-content\/uploads\/2025\/10\/20251022_150204-18x10.jpg 18w\" sizes=\"(max-width: 1024px) 100vw, 1024px\" \/><\/figure><div class=\"wp-block-media-text__content\">\n<div class=\"wp-block-uagb-advanced-heading uagb-block-a0c3937a\"><h2 class=\"uagb-heading-text\"><a href=\"https:\/\/energieberatung-seeland.ch\/de_de\/rueckblick-schulung-zum-thema-zev-vzev-und-leg\/\">R\u00fcckblick Schulung zum Thema ZEV, vZEV und LEG <\/a><\/h2><\/div>\n\n\n\n<p>Am 22. Oktober 2025 fand die Schulung zum Thema Eigenverbrauchsgemeinschaften (ZEV, vZEV und LEG) f\u00fcr die Seel\u00e4nder Gemeinden statt! Insgesamt 31 Personen haben an der Schulung und dem Erfahrungsaustausch teilgenommen, von einander gelernt und rege diskutiert.<\/p>\n<\/div><\/div>\n\n\n\n<hr class=\"wp-block-separator has-alpha-channel-opacity is-style-wide\"\/>\n\n\n\n<div class=\"wp-block-media-text is-stacked-on-mobile\" style=\"grid-template-columns:40% auto\"><figure class=\"wp-block-media-text__media\"><a href=\"https:\/\/energieberatung-seeland.ch\/unterstuetzung-der-gemeinden-bei-ihren-klimastrategien-energie-und-klimadatenplattform-des-kanton-bern\/\"><img loading=\"lazy\" decoding=\"async\" width=\"1024\" height=\"619\" src=\"https:\/\/energieberatung-seeland.ch\/wp-content\/uploads\/2025\/10\/Flyer-11.11-1024x619.png\" alt=\"\" class=\"wp-image-1657 size-full\" srcset=\"https:\/\/energieberatung-seeland.ch\/wp-content\/uploads\/2025\/10\/Flyer-11.11-1024x619.png 1024w, https:\/\/energieberatung-seeland.ch\/wp-content\/uploads\/2025\/10\/Flyer-11.11-300x181.png 300w, https:\/\/energieberatung-seeland.ch\/wp-content\/uploads\/2025\/10\/Flyer-11.11-768x464.png 768w, https:\/\/energieberatung-seeland.ch\/wp-content\/uploads\/2025\/10\/Flyer-11.11-18x12.png 18w, https:\/\/energieberatung-seeland.ch\/wp-content\/uploads\/2025\/10\/Flyer-11.11.png 1330w\" sizes=\"(max-width: 1024px) 100vw, 1024px\" \/><\/a><\/figure><div class=\"wp-block-media-text__content\">\n<div class=\"wp-block-uagb-advanced-heading uagb-block-23e36649\"><h2 class=\"uagb-heading-text\"><a href=\"https:\/\/energieberatung-seeland.ch\/de_de\/veranstaltung-zum-thema-energie-und-klima-loesungen-fuer-die-energiewende-in-gemeinden\/\" data-type=\"link\" data-id=\"https:\/\/energieberatung-seeland.ch\/de_de\/neue-webplattform-energieregion-seeland-ch\/\">Veranstaltung: L\u00f6sungen f\u00fcr die Energiewende am 11. November<\/a><\/h2><\/div>\n\n\n\n<p>Die Gemeinde Br\u00fcttelen veranstaltet am 11. November einen Informationsanlass mit Austausch und Ap\u00e9ro zum Thema Energie und Klima &#8211; L\u00f6sungen f\u00fcr die Energiewende in Gemeinden.<br><br>Melden Sie sich noch bis zum 10. November kostenlos an!<\/p>\n<\/div><\/div>\n\n\n\n<hr class=\"wp-block-separator has-alpha-channel-opacity is-style-wide\"\/>\n\n\n\n<div class=\"wp-block-media-text is-stacked-on-mobile\" style=\"grid-template-columns:40% auto\"><figure class=\"wp-block-media-text__media\"><a href=\"https:\/\/energieberatung-seeland.ch\/unterstuetzung-der-gemeinden-bei-ihren-klimastrategien-energie-und-klimadatenplattform-des-kanton-bern\/\"><img loading=\"lazy\" decoding=\"async\" width=\"1024\" height=\"706\" src=\"https:\/\/energieberatung-seeland.ch\/wp-content\/uploads\/2025\/08\/ERS-1024x706.png\" alt=\"\" class=\"wp-image-1628 size-full\" srcset=\"https:\/\/energieberatung-seeland.ch\/wp-content\/uploads\/2025\/08\/ERS-1024x706.png 1024w, https:\/\/energieberatung-seeland.ch\/wp-content\/uploads\/2025\/08\/ERS-300x207.png 300w, https:\/\/energieberatung-seeland.ch\/wp-content\/uploads\/2025\/08\/ERS-768x529.png 768w, https:\/\/energieberatung-seeland.ch\/wp-content\/uploads\/2025\/08\/ERS-18x12.png 18w, https:\/\/energieberatung-seeland.ch\/wp-content\/uploads\/2025\/08\/ERS.png 1461w\" sizes=\"(max-width: 1024px) 100vw, 1024px\" \/><\/a><\/figure><div class=\"wp-block-media-text__content\">\n<div class=\"wp-block-uagb-advanced-heading uagb-block-2c2c6fe5\"><h2 class=\"uagb-heading-text\"><a href=\"https:\/\/energieberatung-seeland.ch\/de_de\/neue-webplattform-energieregion-seeland-ch\/\" data-type=\"link\" data-id=\"https:\/\/energieberatung-seeland.ch\/de_de\/neue-webplattform-energieregion-seeland-ch\/\">neue Webplattform: Energieregion-Seeland.ch<\/a><\/h2><\/div>\n\n\n\n<p>Wir als \u00f6ffentliche Energieberatung Seeland haben zusammen mit unserem Auftraggeber dem Verein seeland.biel\/bienne die neue Webplattform \u00abEnergie-Region Biel-Seeland\u00bb lanciert. Auf der Informations- und Austauschplattform erhalten Gemeinden, Fachleute sowie interessierte B\u00fcrgerinnen und B\u00fcrger einen \u00dcberblick \u00fcber die T\u00e4tigkeiten der 61 Seel\u00e4nder Gemeinden in den Bereichen Energieeffizienz, erneuerbare Energien und Klimaschutz.<\/p>\n<\/div><\/div>\n\n\n\n<hr class=\"wp-block-separator has-alpha-channel-opacity is-style-wide\"\/>\n\n\n\n<div class=\"wp-block-media-text is-stacked-on-mobile\" style=\"grid-template-columns:40% auto\"><figure class=\"wp-block-media-text__media\"><a href=\"https:\/\/energieberatung-seeland.ch\/de_de\/energielabel-fuer-smartphones-und-tablets\/\"><img loading=\"lazy\" decoding=\"async\" width=\"1024\" height=\"512\" src=\"https:\/\/energieberatung-seeland.ch\/wp-content\/uploads\/2025\/06\/EU-Label-Smartphones-1024x512.png\" alt=\"\" class=\"wp-image-1616 size-full\" srcset=\"https:\/\/energieberatung-seeland.ch\/wp-content\/uploads\/2025\/06\/EU-Label-Smartphones-1024x512.png 1024w, https:\/\/energieberatung-seeland.ch\/wp-content\/uploads\/2025\/06\/EU-Label-Smartphones-300x150.png 300w, https:\/\/energieberatung-seeland.ch\/wp-content\/uploads\/2025\/06\/EU-Label-Smartphones-768x384.png 768w, https:\/\/energieberatung-seeland.ch\/wp-content\/uploads\/2025\/06\/EU-Label-Smartphones-18x9.png 18w, https:\/\/energieberatung-seeland.ch\/wp-content\/uploads\/2025\/06\/EU-Label-Smartphones.png 1500w\" sizes=\"(max-width: 1024px) 100vw, 1024px\" \/><\/a><\/figure><div class=\"wp-block-media-text__content\">\n<div class=\"wp-block-uagb-advanced-heading uagb-block-f7026e07\"><h2 class=\"uagb-heading-text\"><a href=\"https:\/\/energieberatung-seeland.ch\/de_de\/energielabel-fuer-smartphones-und-tablets\/\" data-type=\"page\" data-id=\"1580\">Energielabel f\u00fcr Smartphones und Tablets<\/a><\/h2><\/div>\n\n\n\n<p>Die EU f\u00fchrt am 20. Juni 2025 ein&nbsp;<strong>Energielabel f\u00fcr Smartphones und Tablets&nbsp;<\/strong>ein. Bald sollen Stromverbrauch, Akkulaufzeit, Robustheit und Reparierbarkeit der Ger\u00e4te auf einen Blick sichtbar sein. Orientiert wurde sich dabei im Rahmen der \u00d6kodesign-Richtlinie an den Etiketten, die man schon von Elektroger\u00e4ten wie K\u00fchlschr\u00e4nken, Waschmaschinen und Fernsehern gibt.<\/p>\n<\/div><\/div>\n\n\n\n<hr class=\"wp-block-separator has-alpha-channel-opacity is-style-wide\"\/>\n\n\n\n<div class=\"wp-block-media-text is-stacked-on-mobile\" style=\"grid-template-columns:40% auto\"><figure class=\"wp-block-media-text__media\"><a href=\"https:\/\/energieberatung-seeland.ch\/energie-und-klimatalks\/\"><img loading=\"lazy\" decoding=\"async\" width=\"927\" height=\"439\" src=\"https:\/\/energieberatung-seeland.ch\/wp-content\/uploads\/2025\/03\/aue-ekt-Banner_2023.avif\" alt=\"\" class=\"wp-image-1582 size-full\"\/><\/a><\/figure><div class=\"wp-block-media-text__content\">\n<div class=\"wp-block-uagb-advanced-heading uagb-block-17b07a74\"><h2 class=\"uagb-heading-text\"><a href=\"https:\/\/energieberatung-seeland.ch\/energie-und-klimatalks\/\" data-type=\"page\" data-id=\"1580\">Veranstaltungsreihe Energie- und Klimatalks<\/a><\/h2><\/div>\n\n\n\n<p>Mit der Veranstaltungsreihe Energie- und Klima-Talks (EKT) sucht das Amt f\u00fcr Umwelt und Energie den direkten Kontakt zu den Gemeinden und der Bev\u00f6lkerung. Finden Sie hier die Links zu bevorstehenden Veranstaltungen als auch zu Aufzeichnungen und Pr\u00e4sentationen vergangener Anl\u00e4sse.<\/p>\n<\/div><\/div>\n\n\n\n<hr class=\"wp-block-separator has-alpha-channel-opacity is-style-wide\"\/>\n\n\n\n<div class=\"wp-block-media-text is-stacked-on-mobile\" style=\"grid-template-columns:40% auto\"><figure class=\"wp-block-media-text__media\"><a href=\"https:\/\/energieberatung-seeland.ch\/energie-und-klimatalk-biel-vom-4-april-2025\/\"><img loading=\"lazy\" decoding=\"async\" width=\"1024\" height=\"307\" src=\"https:\/\/energieberatung-seeland.ch\/wp-content\/uploads\/2025\/03\/4c9d8143-4525-4645-9744-080-1-1024x307.webp\" alt=\"\" class=\"wp-image-1576 size-full\" srcset=\"https:\/\/energieberatung-seeland.ch\/wp-content\/uploads\/2025\/03\/4c9d8143-4525-4645-9744-080-1-1024x307.webp 1024w, https:\/\/energieberatung-seeland.ch\/wp-content\/uploads\/2025\/03\/4c9d8143-4525-4645-9744-080-1-300x90.webp 300w, https:\/\/energieberatung-seeland.ch\/wp-content\/uploads\/2025\/03\/4c9d8143-4525-4645-9744-080-1-768x230.webp 768w, https:\/\/energieberatung-seeland.ch\/wp-content\/uploads\/2025\/03\/4c9d8143-4525-4645-9744-080-1-18x5.webp 18w, https:\/\/energieberatung-seeland.ch\/wp-content\/uploads\/2025\/03\/4c9d8143-4525-4645-9744-080-1.webp 1300w\" sizes=\"(max-width: 1024px) 100vw, 1024px\" \/><\/a><\/figure><div class=\"wp-block-media-text__content\">\n<div class=\"wp-block-uagb-advanced-heading uagb-block-720adf8e\"><h2 class=\"uagb-heading-text\"><a href=\"https:\/\/energieberatung-seeland.ch\/energie-und-klimatalk-biel-vom-4-april-2025\/\" data-type=\"page\" data-id=\"1569\">Energie- und Klimatalk Biel, 3. April 2025<\/a><\/h2><\/div>\n\n\n\n<p>Die Energiewende ist beschlossen \u2013 doch die Umsetzung stellt je nach Standort ganz unterschiedliche Herausforderungen an Geb\u00e4ude. Am Donnerstag, 3. April 2025 findet der zweite EKT im Jahr 2025 statt zum Thema <strong>&#8222;Energiewende in einer Altstadt&#8220;<\/strong>. <\/p>\n<\/div><\/div>\n\n\n\n<hr class=\"wp-block-separator has-alpha-channel-opacity is-style-wide\"\/>\n\n\n\n<div class=\"wp-block-media-text is-stacked-on-mobile\" style=\"grid-template-columns:40% auto\"><figure class=\"wp-block-media-text__media\"><a href=\"https:\/\/energieberatung-seeland.ch\/rueckliefertarife-fuer-ihren-solarstrom\/\"><img loading=\"lazy\" decoding=\"async\" width=\"1024\" height=\"558\" src=\"https:\/\/energieberatung-seeland.ch\/wp-content\/uploads\/2025\/01\/Screenshot-2025-01-30-083359-1024x558.png\" alt=\"\" class=\"wp-image-1537 size-full\" srcset=\"https:\/\/energieberatung-seeland.ch\/wp-content\/uploads\/2025\/01\/Screenshot-2025-01-30-083359-1024x558.png 1024w, https:\/\/energieberatung-seeland.ch\/wp-content\/uploads\/2025\/01\/Screenshot-2025-01-30-083359-300x164.png 300w, https:\/\/energieberatung-seeland.ch\/wp-content\/uploads\/2025\/01\/Screenshot-2025-01-30-083359-768x419.png 768w, https:\/\/energieberatung-seeland.ch\/wp-content\/uploads\/2025\/01\/Screenshot-2025-01-30-083359-1536x838.png 1536w, https:\/\/energieberatung-seeland.ch\/wp-content\/uploads\/2025\/01\/Screenshot-2025-01-30-083359-18x10.png 18w, https:\/\/energieberatung-seeland.ch\/wp-content\/uploads\/2025\/01\/Screenshot-2025-01-30-083359.png 1601w\" sizes=\"(max-width: 1024px) 100vw, 1024px\" \/><\/a><\/figure><div class=\"wp-block-media-text__content\">\n<div class=\"wp-block-uagb-advanced-heading uagb-block-d150b21b\"><h2 class=\"uagb-heading-text\"><a href=\"https:\/\/energieberatung-seeland.ch\/rueckliefertarife-fuer-ihren-solarstrom\/\" data-type=\"page\" data-id=\"1536\">R\u00fcckliefertarife f\u00fcr Ihren Solarstrom 2025<\/a><\/h2><\/div>\n\n\n\n<p>Der \u201cVerband unabh\u00e4ngiger Energieerzeuger VESE\u201d publiziert die aktuellen R\u00fcckliefertarife (2025) sowie jene der letzten Jahre auf der Homepage&nbsp;pvtarif.ch. F\u00fcr die meisten Seel\u00e4nder Gemeinden sind die neuen Tarife 2025 bereits aufgeschaltet.<\/p>\n<\/div><\/div>\n\n\n\n<hr class=\"wp-block-separator has-alpha-channel-opacity is-style-wide\"\/>\n\n\n\n<div class=\"wp-block-media-text is-stacked-on-mobile\" style=\"grid-template-columns:40% auto\"><figure class=\"wp-block-media-text__media\"><a href=\"https:\/\/energieberatung-seeland.ch\/neues-beratungsangebot-vorabklaerung-des-nah-und-fernwaermepotentials\/\"><img loading=\"lazy\" decoding=\"async\" width=\"1024\" height=\"683\" src=\"https:\/\/energieberatung-seeland.ch\/wp-content\/uploads\/2025\/01\/martin-adams-a_PDPUPuNZ8-unsplash-1-1024x683.jpg\" alt=\"\" class=\"wp-image-1530 size-full\" srcset=\"https:\/\/energieberatung-seeland.ch\/wp-content\/uploads\/2025\/01\/martin-adams-a_PDPUPuNZ8-unsplash-1-1024x683.jpg 1024w, https:\/\/energieberatung-seeland.ch\/wp-content\/uploads\/2025\/01\/martin-adams-a_PDPUPuNZ8-unsplash-1-300x200.jpg 300w, https:\/\/energieberatung-seeland.ch\/wp-content\/uploads\/2025\/01\/martin-adams-a_PDPUPuNZ8-unsplash-1-768x512.jpg 768w, https:\/\/energieberatung-seeland.ch\/wp-content\/uploads\/2025\/01\/martin-adams-a_PDPUPuNZ8-unsplash-1-1536x1024.jpg 1536w, https:\/\/energieberatung-seeland.ch\/wp-content\/uploads\/2025\/01\/martin-adams-a_PDPUPuNZ8-unsplash-1-2048x1365.jpg 2048w, https:\/\/energieberatung-seeland.ch\/wp-content\/uploads\/2025\/01\/martin-adams-a_PDPUPuNZ8-unsplash-1-18x12.jpg 18w\" sizes=\"(max-width: 1024px) 100vw, 1024px\" \/><\/a><\/figure><div class=\"wp-block-media-text__content\">\n<div class=\"wp-block-uagb-advanced-heading uagb-block-ebf7737a\"><h2 class=\"uagb-heading-text\"><a href=\"https:\/\/energieberatung-seeland.ch\/neues-beratungsangebot-vorabklaerung-des-nah-und-fernwaermepotentials\/\" data-type=\"page\" data-id=\"1525\">Neues Beratungsangebot: <strong>Vorabkl\u00e4rung des Nah- und Fernw\u00e4rmepotentials<\/strong><\/a><\/h2><\/div>\n\n\n\n<p>Die \u00f6ffentliche Energieberatung Seeland hat ein neues Beratungsangebot f\u00fcr Gemeinden, welches die Vorgehensberatung beim Heizungsersatz inklusive der Vorabkl\u00e4rung des Potentials f\u00fcr Nah- und Fernw\u00e4rmeprojekte miteinschliesst.<\/p>\n<\/div><\/div>\n\n\n\n<hr class=\"wp-block-separator has-alpha-channel-opacity is-style-wide\"\/>\n\n\n\n<div class=\"wp-block-media-text is-stacked-on-mobile\" style=\"grid-template-columns:40% auto\"><figure class=\"wp-block-media-text__media\"><a href=\"https:\/\/energieberatung-seeland.ch\/anlass-energiesparen-hilft-der-umwelt-und-dem-portmonee\/\"><img loading=\"lazy\" decoding=\"async\" width=\"1024\" height=\"598\" src=\"https:\/\/energieberatung-seeland.ch\/wp-content\/uploads\/2025\/01\/Screenshot-2025-01-13-073631-1024x598.png\" alt=\"\" class=\"wp-image-1435 size-full\" srcset=\"https:\/\/energieberatung-seeland.ch\/wp-content\/uploads\/2025\/01\/Screenshot-2025-01-13-073631-1024x598.png 1024w, https:\/\/energieberatung-seeland.ch\/wp-content\/uploads\/2025\/01\/Screenshot-2025-01-13-073631-300x175.png 300w, https:\/\/energieberatung-seeland.ch\/wp-content\/uploads\/2025\/01\/Screenshot-2025-01-13-073631-768x449.png 768w, https:\/\/energieberatung-seeland.ch\/wp-content\/uploads\/2025\/01\/Screenshot-2025-01-13-073631-18x12.png 18w, https:\/\/energieberatung-seeland.ch\/wp-content\/uploads\/2025\/01\/Screenshot-2025-01-13-073631.png 1090w\" sizes=\"(max-width: 1024px) 100vw, 1024px\" \/><\/a><\/figure><div class=\"wp-block-media-text__content\">\n<div class=\"wp-block-uagb-advanced-heading uagb-block-084955d6\"><h2 class=\"uagb-heading-text\"><a href=\"https:\/\/energieberatung-seeland.ch\/anlass-energiesparen-hilft-der-umwelt-und-dem-portmonee\/\" data-type=\"page\" data-id=\"1428\">Anlass &#8222;Energiesparen hilft der Umwelt und dem Portmonee&#8220; am 05.02.2025<\/a><\/h2><\/div>\n\n\n\n<p>Strom sparen und damit die Umwelt und das eigene Portmonee schonen \u2013 darum geht es Anfang Februar an einem Anlass mit der Energieberatung Seeland, den die drei SP-Sektionen aus Studen, Aegerten und Br\u00fcgg gemeinsam organisieren. <\/p>\n<\/div><\/div>\n\n\n\n<hr class=\"wp-block-separator has-alpha-channel-opacity is-style-wide\"\/>\n\n\n\n<div class=\"wp-block-media-text is-stacked-on-mobile\" style=\"grid-template-columns:40% auto\"><figure class=\"wp-block-media-text__media\"><a href=\"https:\/\/energieberatung-seeland.ch\/anpassung-foerderbeitraege-kanton-bern\/\"><img loading=\"lazy\" decoding=\"async\" width=\"1024\" height=\"564\" src=\"https:\/\/energieberatung-seeland.ch\/wp-content\/uploads\/2025\/01\/Screenshot-2025-01-06-153301-1024x564.png\" alt=\"\" class=\"wp-image-1421 size-full\" srcset=\"https:\/\/energieberatung-seeland.ch\/wp-content\/uploads\/2025\/01\/Screenshot-2025-01-06-153301-1024x564.png 1024w, https:\/\/energieberatung-seeland.ch\/wp-content\/uploads\/2025\/01\/Screenshot-2025-01-06-153301-300x165.png 300w, https:\/\/energieberatung-seeland.ch\/wp-content\/uploads\/2025\/01\/Screenshot-2025-01-06-153301-768x423.png 768w, https:\/\/energieberatung-seeland.ch\/wp-content\/uploads\/2025\/01\/Screenshot-2025-01-06-153301-18x10.png 18w, https:\/\/energieberatung-seeland.ch\/wp-content\/uploads\/2025\/01\/Screenshot-2025-01-06-153301.png 1363w\" sizes=\"(max-width: 1024px) 100vw, 1024px\" \/><\/a><\/figure><div class=\"wp-block-media-text__content\">\n<div class=\"wp-block-uagb-advanced-heading uagb-block-d2eb5454\"><h2 class=\"uagb-heading-text\"><a href=\"https:\/\/energieberatung-seeland.ch\/anpassung-foerderbeitraege-kanton-bern\/\" data-type=\"page\" data-id=\"1417\">Anpassung F\u00f6rderbeitr\u00e4ge Kanton Bern<\/a><\/h2><\/div>\n\n\n\n<p>Per 01.01.2025 wurden die F\u00f6rderbeitr\u00e4ge im Bereich Erneuerbare Energien und Energieeffizienz des Kanton Bern angepasst. Wir haben f\u00fcr Sie die wichtigsten \u00c4nderungen zusammengetragen.<\/p>\n<\/div><\/div>\n\n\n\n<hr class=\"wp-block-separator has-alpha-channel-opacity is-style-wide\"\/>\n\n\n\n<div class=\"wp-block-media-text is-stacked-on-mobile\" style=\"grid-template-columns:40% auto\"><figure class=\"wp-block-media-text__media\"><a href=\"https:\/\/energieberatung-seeland.ch\/wissen-und-praktische-tipps-zur-klimaveraenderung\/\"><img loading=\"lazy\" decoding=\"async\" width=\"1024\" height=\"582\" src=\"https:\/\/energieberatung-seeland.ch\/wp-content\/uploads\/2024\/12\/Screenshot-2024-12-18-141655-1-1024x582.png\" alt=\"\" class=\"wp-image-1396 size-full\" srcset=\"https:\/\/energieberatung-seeland.ch\/wp-content\/uploads\/2024\/12\/Screenshot-2024-12-18-141655-1-1024x582.png 1024w, https:\/\/energieberatung-seeland.ch\/wp-content\/uploads\/2024\/12\/Screenshot-2024-12-18-141655-1-300x171.png 300w, https:\/\/energieberatung-seeland.ch\/wp-content\/uploads\/2024\/12\/Screenshot-2024-12-18-141655-1-768x437.png 768w, https:\/\/energieberatung-seeland.ch\/wp-content\/uploads\/2024\/12\/Screenshot-2024-12-18-141655-1-18x10.png 18w, https:\/\/energieberatung-seeland.ch\/wp-content\/uploads\/2024\/12\/Screenshot-2024-12-18-141655-1.png 1048w\" sizes=\"(max-width: 1024px) 100vw, 1024px\" \/><\/a><\/figure><div class=\"wp-block-media-text__content\">\n<div class=\"wp-block-uagb-advanced-heading uagb-block-ac45665a\"><h2 class=\"uagb-heading-text\"><a href=\"https:\/\/energieberatung-seeland.ch\/wissen-und-praktische-tipps-zur-klimaveraenderung\/\" data-type=\"page\" data-id=\"1391\">Wissen und praktische Tipps zur Klimaver\u00e4nderung<\/a><\/h2><\/div>\n\n\n\n<p>Erfahren Sie mehr zur Klimaver\u00e4nderung in der Schweiz, und wie Sie Ihren eigenen Treibhausgas-Fussabdruck reduzieren k\u00f6nnen.<\/p>\n<\/div><\/div>\n\n\n\n<hr class=\"wp-block-separator has-alpha-channel-opacity is-style-wide\"\/>\n\n\n\n<div class=\"wp-block-media-text is-stacked-on-mobile\" style=\"grid-template-columns:40% auto\"><figure class=\"wp-block-media-text__media\"><a href=\"https:\/\/energieberatung-seeland.ch\/hausbau-energie-messer-bern-2024\/\"><img loading=\"lazy\" decoding=\"async\" width=\"1024\" height=\"511\" src=\"https:\/\/energieberatung-seeland.ch\/wp-content\/uploads\/2024\/11\/1731308713088-1024x511.jpg\" alt=\"\" class=\"wp-image-1293 size-full\" srcset=\"https:\/\/energieberatung-seeland.ch\/wp-content\/uploads\/2024\/11\/1731308713088-1024x511.jpg 1024w, https:\/\/energieberatung-seeland.ch\/wp-content\/uploads\/2024\/11\/1731308713088-300x150.jpg 300w, https:\/\/energieberatung-seeland.ch\/wp-content\/uploads\/2024\/11\/1731308713088-768x384.jpg 768w, https:\/\/energieberatung-seeland.ch\/wp-content\/uploads\/2024\/11\/1731308713088-1536x767.jpg 1536w, https:\/\/energieberatung-seeland.ch\/wp-content\/uploads\/2024\/11\/1731308713088-18x9.jpg 18w, https:\/\/energieberatung-seeland.ch\/wp-content\/uploads\/2024\/11\/1731308713088.jpg 1608w\" sizes=\"(max-width: 1024px) 100vw, 1024px\" \/><\/a><\/figure><div class=\"wp-block-media-text__content\">\n<div class=\"wp-block-uagb-advanced-heading uagb-block-ef551f98\"><h2 class=\"uagb-heading-text\"><a href=\"https:\/\/energieberatung-seeland.ch\/hausbau-energie-messer-bern-2024\/\" data-type=\"page\" data-id=\"1285\">Hausbau + Energie Messe 2024<\/a><\/h2><\/div>\n\n\n\n<p>Auch dieses Jahr waren wir vom 14. &#8211; 17. November 2024 an der Hausbau + Energie Messe in Bern und haben Kundinnen und Kunden direkt vor Ort zu verschiedensten Energiethemen beraten.<\/p>\n<\/div><\/div>\n\n\n\n<hr class=\"wp-block-separator has-alpha-channel-opacity is-style-wide\"\/>\n\n\n\n<div class=\"wp-block-media-text is-stacked-on-mobile\" style=\"grid-template-columns:40% auto\"><figure class=\"wp-block-media-text__media\"><a href=\"https:\/\/energieberatung-seeland.ch\/energie-und-klimatalk-energiestrategie-2035\/\"><img loading=\"lazy\" decoding=\"async\" width=\"1024\" height=\"576\" src=\"https:\/\/energieberatung-seeland.ch\/wp-content\/uploads\/2024\/11\/3063f73b0123cca69bb52f23484c704682a9dc05_834421101-1024x576.jpg\" alt=\"\" class=\"wp-image-1281 size-full\" srcset=\"https:\/\/energieberatung-seeland.ch\/wp-content\/uploads\/2024\/11\/3063f73b0123cca69bb52f23484c704682a9dc05_834421101-1024x576.jpg 1024w, https:\/\/energieberatung-seeland.ch\/wp-content\/uploads\/2024\/11\/3063f73b0123cca69bb52f23484c704682a9dc05_834421101-300x169.jpg 300w, https:\/\/energieberatung-seeland.ch\/wp-content\/uploads\/2024\/11\/3063f73b0123cca69bb52f23484c704682a9dc05_834421101-768x432.jpg 768w, https:\/\/energieberatung-seeland.ch\/wp-content\/uploads\/2024\/11\/3063f73b0123cca69bb52f23484c704682a9dc05_834421101-18x10.jpg 18w, https:\/\/energieberatung-seeland.ch\/wp-content\/uploads\/2024\/11\/3063f73b0123cca69bb52f23484c704682a9dc05_834421101.jpg 1300w\" sizes=\"(max-width: 1024px) 100vw, 1024px\" \/><\/a><\/figure><div class=\"wp-block-media-text__content\">\n<div class=\"wp-block-uagb-advanced-heading uagb-block-7a880949\"><h2 class=\"uagb-heading-text\"><a href=\"https:\/\/energieberatung-seeland.ch\/energie-und-klimatalk-energiestrategie-2035\/\" data-type=\"page\" data-id=\"1275\">Energie- und Klimatalk Berner Rathaus<\/a><\/h2><\/div>\n\n\n\n<p>Am zehnten und letzten EKT zum Thema &#8222;Energiestrategie 2035&#8220; wurden f\u00fcnf spannende Referate gehalten. Seien auch Sie beim n\u00e4chsten EKT zu einem spannenden Energiethema dabei!<\/p>\n<\/div><\/div>\n\n\n\n<hr class=\"wp-block-separator has-alpha-channel-opacity is-style-wide\"\/>\n\n\n\n<div class=\"wp-block-media-text is-stacked-on-mobile\" style=\"grid-template-columns:40% auto\"><figure class=\"wp-block-media-text__media\"><a href=\"https:\/\/energieberatung-seeland.ch\/workshop-zur-erarbeitung-der-regionalen-energie-und-klimastrategie\/\"><img loading=\"lazy\" decoding=\"async\" width=\"1024\" height=\"569\" src=\"https:\/\/energieberatung-seeland.ch\/wp-content\/uploads\/2024\/11\/Screenshot-2024-10-31-143043-1024x569.png\" alt=\"\" class=\"wp-image-1263 size-full\" srcset=\"https:\/\/energieberatung-seeland.ch\/wp-content\/uploads\/2024\/11\/Screenshot-2024-10-31-143043-1024x569.png 1024w, https:\/\/energieberatung-seeland.ch\/wp-content\/uploads\/2024\/11\/Screenshot-2024-10-31-143043-300x167.png 300w, https:\/\/energieberatung-seeland.ch\/wp-content\/uploads\/2024\/11\/Screenshot-2024-10-31-143043-768x427.png 768w, https:\/\/energieberatung-seeland.ch\/wp-content\/uploads\/2024\/11\/Screenshot-2024-10-31-143043-18x10.png 18w, https:\/\/energieberatung-seeland.ch\/wp-content\/uploads\/2024\/11\/Screenshot-2024-10-31-143043.png 1292w\" sizes=\"(max-width: 1024px) 100vw, 1024px\" \/><\/a><\/figure><div class=\"wp-block-media-text__content\">\n<div class=\"wp-block-uagb-advanced-heading uagb-block-73102ded\"><h2 class=\"uagb-heading-text\"><a href=\"https:\/\/energieberatung-seeland.ch\/workshop-zur-erarbeitung-der-regionalen-energie-und-klimastrategie\/\" data-type=\"page\" data-id=\"1254\">Workshop vom 22. Oktober 2024<\/a><\/h2><\/div>\n\n\n\n<p>Am zweiten Workshop zur Erarbeitung der Energie- und Klimastrategie haben rund 60 Gemeindevertretende und regionale Stakeholder teilgenommen. Ziele des Workshops war die Vorstellung der Vision, der Stossrichtungen, der Handlungsfelder und des ersten Massnahmenpakets sowie die Diskussion einzelner Massnahmen. &nbsp;<\/p>\n<\/div><\/div>\n\n\n\n<hr class=\"wp-block-separator has-alpha-channel-opacity is-style-wide\"\/>\n\n\n\n<div class=\"wp-block-media-text is-stacked-on-mobile\" style=\"grid-template-columns:40% auto\"><figure class=\"wp-block-media-text__media\"><a href=\"https:\/\/energieberatung-seeland.ch\/infoveranstaltung-worben-energetische-sanierungen\/\"><img loading=\"lazy\" decoding=\"async\" width=\"1024\" height=\"553\" src=\"https:\/\/energieberatung-seeland.ch\/wp-content\/uploads\/2024\/09\/Info-Aben2d-4-1024x553.jpg\" alt=\"\" class=\"wp-image-1220 size-full\" srcset=\"https:\/\/energieberatung-seeland.ch\/wp-content\/uploads\/2024\/09\/Info-Aben2d-4-1024x553.jpg 1024w, https:\/\/energieberatung-seeland.ch\/wp-content\/uploads\/2024\/09\/Info-Aben2d-4-300x162.jpg 300w, https:\/\/energieberatung-seeland.ch\/wp-content\/uploads\/2024\/09\/Info-Aben2d-4-768x415.jpg 768w, https:\/\/energieberatung-seeland.ch\/wp-content\/uploads\/2024\/09\/Info-Aben2d-4-1536x829.jpg 1536w, https:\/\/energieberatung-seeland.ch\/wp-content\/uploads\/2024\/09\/Info-Aben2d-4-2048x1106.jpg 2048w, https:\/\/energieberatung-seeland.ch\/wp-content\/uploads\/2024\/09\/Info-Aben2d-4-18x10.jpg 18w\" sizes=\"(max-width: 1024px) 100vw, 1024px\" \/><\/a><\/figure><div class=\"wp-block-media-text__content\">\n<div class=\"wp-block-uagb-advanced-heading uagb-block-6bf23cd9\"><h2 class=\"uagb-heading-text\"><a href=\"https:\/\/energieberatung-seeland.ch\/infoveranstaltung-worben-energetische-sanierungen\/\" data-type=\"page\" data-id=\"1206\">Infoveranstaltung Worben<\/a><\/h2><\/div>\n\n\n\n<p>Am 16. September durfte die Energieberatung Seeland einen Vortrag halten zu den Themen &#8222;Klimaver\u00e4nderung in der Schweiz&#8220;, &#8222;Klimaziele &amp; Gesetzliche Rahmenbedingungen&#8220;, &#8222;Alternativen zu fossilen Heizsystemen, W\u00e4rmeerzeugerersatz&#8220;, und &#8222;F\u00f6rderbeitr\u00e4ge Kanton Bern&#8220;. Planen auch Sie einen Infoevent? Wir unterst\u00fctzen Sie gerne.<\/p>\n<\/div><\/div>\n\n\n\n<hr class=\"wp-block-separator has-alpha-channel-opacity is-style-wide\"\/>\n\n\n\n<div class=\"wp-block-media-text is-stacked-on-mobile\" style=\"grid-template-columns:40% auto\"><figure class=\"wp-block-media-text__media\"><a href=\"https:\/\/energieberatung-seeland.ch\/unterstuetzung-der-gemeinden-bei-ihren-klimastrategien-energie-und-klimadatenplattform-des-kanton-bern\/\"><img loading=\"lazy\" decoding=\"async\" width=\"1024\" height=\"512\" src=\"https:\/\/energieberatung-seeland.ch\/wp-content\/uploads\/2024\/09\/Energiedatenplattform-1024x512.jpg\" alt=\"\" class=\"wp-image-1198 size-full\" srcset=\"https:\/\/energieberatung-seeland.ch\/wp-content\/uploads\/2024\/09\/Energiedatenplattform-1024x512.jpg 1024w, https:\/\/energieberatung-seeland.ch\/wp-content\/uploads\/2024\/09\/Energiedatenplattform-300x150.jpg 300w, https:\/\/energieberatung-seeland.ch\/wp-content\/uploads\/2024\/09\/Energiedatenplattform-768x384.jpg 768w, https:\/\/energieberatung-seeland.ch\/wp-content\/uploads\/2024\/09\/Energiedatenplattform-1536x768.jpg 1536w, https:\/\/energieberatung-seeland.ch\/wp-content\/uploads\/2024\/09\/Energiedatenplattform-2048x1024.jpg 2048w, https:\/\/energieberatung-seeland.ch\/wp-content\/uploads\/2024\/09\/Energiedatenplattform-18x9.jpg 18w\" sizes=\"(max-width: 1024px) 100vw, 1024px\" \/><\/a><\/figure><div class=\"wp-block-media-text__content\">\n<div class=\"wp-block-uagb-advanced-heading uagb-block-6bbcd8bd\"><h2 class=\"uagb-heading-text\"><a href=\"https:\/\/energieberatung-seeland.ch\/unterstuetzung-der-gemeinden-bei-ihren-klimastrategien-energie-und-klimadatenplattform-des-kanton-bern\/\" data-type=\"page\" data-id=\"1194\">Unterst\u00fctzung der Gemeinden bei ihren Klimastrategien durch den Kanton Bern<\/a><\/h2><\/div>\n\n\n\n<p>Der Kanton Bern unterst\u00fctzt Gemeinden auf dem Weg zur Klimaneutralit\u00e4t bis 2050. Die Energie- und Klimadatenplattform dient den Gemeinden als Monitoring-Instrument. Darin lassen sich Energie- und Klimadaten auf Gemeindeebene darstellen und Erfolge auf dem Weg zur Klimaneutralit\u00e4t sichtbar machen. Zudem unterst\u00fctzt der Kanton neu kommunale Klimastrategien auch finanziell.<\/p>\n<\/div><\/div>\n\n\n\n<hr class=\"wp-block-separator has-alpha-channel-opacity is-style-wide\"\/>\n\n\n\n<div class=\"wp-block-media-text is-stacked-on-mobile\" style=\"grid-template-columns:40% auto\"><figure class=\"wp-block-media-text__media\"><a href=\"https:\/\/energieberatung-seeland.ch\/mitgliederversammlung-seeland-biel-bienne\/\"><img loading=\"lazy\" decoding=\"async\" width=\"1024\" height=\"211\" src=\"https:\/\/energieberatung-seeland.ch\/wp-content\/uploads\/2023\/02\/seeland_bb_logo_RZ-1024x211.png\" alt=\"\" class=\"wp-image-27 size-full\" srcset=\"https:\/\/energieberatung-seeland.ch\/wp-content\/uploads\/2023\/02\/seeland_bb_logo_RZ-1024x211.png 1024w, https:\/\/energieberatung-seeland.ch\/wp-content\/uploads\/2023\/02\/seeland_bb_logo_RZ-300x62.png 300w, https:\/\/energieberatung-seeland.ch\/wp-content\/uploads\/2023\/02\/seeland_bb_logo_RZ-768x158.png 768w, https:\/\/energieberatung-seeland.ch\/wp-content\/uploads\/2023\/02\/seeland_bb_logo_RZ.png 1353w\" sizes=\"(max-width: 1024px) 100vw, 1024px\" \/><\/a><\/figure><div class=\"wp-block-media-text__content\">\n<div class=\"wp-block-uagb-advanced-heading uagb-block-ad5c746b\"><h2 class=\"uagb-heading-text\"><a href=\"https:\/\/energieberatung-seeland.ch\/mitgliederversammlung-seeland-biel-bienne\/\" data-type=\"page\" data-id=\"1182\">Mitgliederversammlung seeland.biel\/bienne<\/a><\/h2><\/div>\n\n\n\n<p>Am 01.07.2024 fand in Lyss die erste Mitgliederversammlung f\u00fcr 2024 der 61 Gemeinden aus dem Seeland in der Kulturfabrik Lyss statt. Der Beschluss des Richtplans &#8222;Windenergie Biel-Seeland\u00bb stand dieses Mal im Mittelpunkt.<\/p>\n<\/div><\/div>\n\n\n\n<hr class=\"wp-block-separator has-alpha-channel-opacity is-style-wide\"\/>\n\n\n\n<div class=\"wp-block-media-text is-stacked-on-mobile\" style=\"grid-template-columns:40% auto\"><figure class=\"wp-block-media-text__media\"><a href=\"https:\/\/energieberatung-seeland.ch\/besuchen-sie-uns-auf-instagram-2\/\"><img loading=\"lazy\" decoding=\"async\" width=\"1024\" height=\"576\" src=\"https:\/\/energieberatung-seeland.ch\/wp-content\/uploads\/2024\/07\/instagram-logo-gradient3-ss-1920-1024x576.jpg\" alt=\"\" class=\"wp-image-1159 size-full\" srcset=\"https:\/\/energieberatung-seeland.ch\/wp-content\/uploads\/2024\/07\/instagram-logo-gradient3-ss-1920-1024x576.jpg 1024w, https:\/\/energieberatung-seeland.ch\/wp-content\/uploads\/2024\/07\/instagram-logo-gradient3-ss-1920-300x169.jpg 300w, https:\/\/energieberatung-seeland.ch\/wp-content\/uploads\/2024\/07\/instagram-logo-gradient3-ss-1920-768x432.jpg 768w, https:\/\/energieberatung-seeland.ch\/wp-content\/uploads\/2024\/07\/instagram-logo-gradient3-ss-1920-1536x864.jpg 1536w, https:\/\/energieberatung-seeland.ch\/wp-content\/uploads\/2024\/07\/instagram-logo-gradient3-ss-1920-18x10.jpg 18w, https:\/\/energieberatung-seeland.ch\/wp-content\/uploads\/2024\/07\/instagram-logo-gradient3-ss-1920.jpg 1920w\" sizes=\"(max-width: 1024px) 100vw, 1024px\" \/><\/a><\/figure><div class=\"wp-block-media-text__content\">\n<div class=\"wp-block-uagb-advanced-heading uagb-block-682f6f6f\"><h2 class=\"uagb-heading-text\"><a href=\"https:\/\/energieberatung-seeland.ch\/besuchen-sie-uns-auf-instagram-2\/\" data-type=\"page\" data-id=\"1164\">Besuchen Sie uns auf Instagram<\/a><\/h2><\/div>\n\n\n\n<p>Wir sind neu bei Instagram! Besuchen Sie uns gern <strong><a href=\"https:\/\/www.instagram.com\/energieberatung_seeland?utm_source=ig_web_button_share_sheet&amp;igsh=ZDNlZDc0MzIxNw%3D%3D\" target=\"_blank\" rel=\"noreferrer noopener\">@energieberatung_seeland<\/a> <\/strong>und entdecken Sie aktuelle Informationen und wichtige Updates im Bereich Energie im Seeland und im Kanton Bern. Wir freuen uns auf Sie!<\/p>\n<\/div><\/div>\n\n\n\n<hr class=\"wp-block-separator has-alpha-channel-opacity is-style-wide\"\/>\n\n\n\n<div class=\"wp-block-media-text is-stacked-on-mobile\" style=\"grid-template-columns:40% auto\"><figure class=\"wp-block-media-text__media\"><a href=\"https:\/\/energieberatung-seeland.ch\/rueckblick-schulung-fuer-gemeinden\/\"><img loading=\"lazy\" decoding=\"async\" width=\"1024\" height=\"491\" src=\"https:\/\/energieberatung-seeland.ch\/wp-content\/uploads\/2024\/06\/EMN-Gemeinden-1024x491.png\" alt=\"\" class=\"wp-image-1117 size-full\" srcset=\"https:\/\/energieberatung-seeland.ch\/wp-content\/uploads\/2024\/06\/EMN-Gemeinden-1024x491.png 1024w, https:\/\/energieberatung-seeland.ch\/wp-content\/uploads\/2024\/06\/EMN-Gemeinden-300x144.png 300w, https:\/\/energieberatung-seeland.ch\/wp-content\/uploads\/2024\/06\/EMN-Gemeinden-768x368.png 768w, https:\/\/energieberatung-seeland.ch\/wp-content\/uploads\/2024\/06\/EMN-Gemeinden-1536x737.png 1536w, https:\/\/energieberatung-seeland.ch\/wp-content\/uploads\/2024\/06\/EMN-Gemeinden-2048x982.png 2048w, https:\/\/energieberatung-seeland.ch\/wp-content\/uploads\/2024\/06\/EMN-Gemeinden-18x9.png 18w\" sizes=\"(max-width: 1024px) 100vw, 1024px\" \/><\/a><\/figure><div class=\"wp-block-media-text__content\">\n<div class=\"wp-block-uagb-advanced-heading uagb-block-9f13b12d\"><h2 class=\"uagb-heading-text\"><a href=\"https:\/\/energieberatung-seeland.ch\/rueckblick-schulung-fuer-gemeinden\/\" data-type=\"page\" data-id=\"1120\">R\u00fcckblick Schulung zum Energetischen Massnahmenachweis<\/a><\/h2><\/div>\n\n\n\n<p>Die Schulung f\u00fcr Fachpersonen und Gemeinden zum Thema Energetischer Massnahmenachweis war ein voller Erfolg! Insgesamt haben 50 Personen an den Veranstaltungen teilgenommen.<\/p>\n<\/div><\/div>\n\n\n\n<hr class=\"wp-block-separator has-alpha-channel-opacity is-style-wide\"\/>\n\n\n\n<div class=\"wp-block-media-text is-stacked-on-mobile\" style=\"grid-template-columns:40% auto\"><figure class=\"wp-block-media-text__media\"><a href=\"https:\/\/energieberatung-seeland.ch\/informationsveranstaltung-nachhaltiges-und-energieeffizientes-wohnen\/\"><img loading=\"lazy\" decoding=\"async\" width=\"1024\" height=\"503\" src=\"https:\/\/energieberatung-seeland.ch\/wp-content\/uploads\/2024\/05\/nachh-wohnen-1024x503.png\" alt=\"\" class=\"wp-image-1102 size-full\" srcset=\"https:\/\/energieberatung-seeland.ch\/wp-content\/uploads\/2024\/05\/nachh-wohnen-1024x503.png 1024w, https:\/\/energieberatung-seeland.ch\/wp-content\/uploads\/2024\/05\/nachh-wohnen-300x147.png 300w, https:\/\/energieberatung-seeland.ch\/wp-content\/uploads\/2024\/05\/nachh-wohnen-768x377.png 768w, https:\/\/energieberatung-seeland.ch\/wp-content\/uploads\/2024\/05\/nachh-wohnen-1536x755.png 1536w, https:\/\/energieberatung-seeland.ch\/wp-content\/uploads\/2024\/05\/nachh-wohnen-2048x1006.png 2048w, https:\/\/energieberatung-seeland.ch\/wp-content\/uploads\/2024\/05\/nachh-wohnen-18x9.png 18w\" sizes=\"(max-width: 1024px) 100vw, 1024px\" \/><\/a><\/figure><div class=\"wp-block-media-text__content\">\n<div class=\"wp-block-uagb-advanced-heading uagb-block-597cf4e6\"><h2 class=\"uagb-heading-text\"><a href=\"https:\/\/energieberatung-seeland.ch\/informationsveranstaltung-nachhaltiges-und-energieeffizientes-wohnen\/\" data-type=\"page\" data-id=\"1106\">Infoveranstaltung in Nidau am 14.06.2024<\/a><\/h2><\/div>\n\n\n\n<p>Sie m\u00f6chten Umwelt und Geldbeutel schonen? Erfahren Sie alles, was Sie \u00fcber nachhaltiges und energieeffizientes Wohnen wissen m\u00fcssen! Energieexperten pr\u00e4sentieren Ihnen die neuesten M\u00f6glichkeiten der Solarenergie, F\u00f6rdergelder, innovative Technologien f\u00fcr Elektrofahrzeuge und Energiespeicher sowie Massnahmen zur energetischen Sanierung Ihres Zuhauses.<\/p>\n<\/div><\/div>\n\n\n\n<hr class=\"wp-block-separator has-alpha-channel-opacity is-style-wide\"\/>\n\n\n\n<div class=\"wp-block-media-text is-stacked-on-mobile\" style=\"grid-template-columns:40% auto\"><figure class=\"wp-block-media-text__media\"><a href=\"https:\/\/energieberatung-seeland.ch\/generalversammlung-hev-biel-und-umgebung-am-29-05-2024\/\"><img loading=\"lazy\" decoding=\"async\" width=\"1024\" height=\"514\" src=\"https:\/\/energieberatung-seeland.ch\/wp-content\/uploads\/2024\/05\/HEV-Biel-1024x514.png\" alt=\"\" class=\"wp-image-1091 size-full\" srcset=\"https:\/\/energieberatung-seeland.ch\/wp-content\/uploads\/2024\/05\/HEV-Biel-1024x514.png 1024w, https:\/\/energieberatung-seeland.ch\/wp-content\/uploads\/2024\/05\/HEV-Biel-300x151.png 300w, https:\/\/energieberatung-seeland.ch\/wp-content\/uploads\/2024\/05\/HEV-Biel-768x385.png 768w, https:\/\/energieberatung-seeland.ch\/wp-content\/uploads\/2024\/05\/HEV-Biel-18x9.png 18w, https:\/\/energieberatung-seeland.ch\/wp-content\/uploads\/2024\/05\/HEV-Biel.png 1028w\" sizes=\"(max-width: 1024px) 100vw, 1024px\" \/><\/a><\/figure><div class=\"wp-block-media-text__content\">\n<div class=\"wp-block-uagb-advanced-heading uagb-block-9b59d5ff\"><h2 class=\"uagb-heading-text\"><a href=\"https:\/\/energieberatung-seeland.ch\/generalversammlung-hev-biel-und-umgebung-am-29-05-2024\/\" data-type=\"page\" data-id=\"1086\">Generalversammlung HEV Biel am 29.05.2024<\/a><\/h2><\/div>\n\n\n\n<p>Die diesj\u00e4hrige ordentliche Generalversammlung des Haus-eigent\u00fcmerverbands Biel und Umgebung findet am 29. Mai 2024 um 19:00 Uhr in der Aula des BFB am Robert-Walser-Platz 9 in Biel statt. In einem zweiten Teil folgt ein zweisprachiges Referat zum Thema &#8222;Wirtschaftliche Energiel\u00f6sungen: W\u00e4rmepumpen und Photovoltaik&#8220;.<\/p>\n<\/div><\/div>\n\n\n\n<hr class=\"wp-block-separator has-alpha-channel-opacity is-style-wide\"\/>\n\n\n\n<div class=\"wp-block-media-text is-stacked-on-mobile\" style=\"grid-template-columns:40% auto\"><figure class=\"wp-block-media-text__media\"><a href=\"https:\/\/energieberatung-seeland.ch\/infoveranstaltung-photovoltaik-und-solarthermie\/\"><img loading=\"lazy\" decoding=\"async\" width=\"1024\" height=\"673\" src=\"https:\/\/energieberatung-seeland.ch\/wp-content\/uploads\/2024\/04\/AdobeStock_167272236-1024x673.jpeg\" alt=\"\" class=\"wp-image-641 size-full\" srcset=\"https:\/\/energieberatung-seeland.ch\/wp-content\/uploads\/2024\/04\/AdobeStock_167272236-1024x673.jpeg 1024w, https:\/\/energieberatung-seeland.ch\/wp-content\/uploads\/2024\/04\/AdobeStock_167272236-300x197.jpeg 300w, https:\/\/energieberatung-seeland.ch\/wp-content\/uploads\/2024\/04\/AdobeStock_167272236-768x505.jpeg 768w, https:\/\/energieberatung-seeland.ch\/wp-content\/uploads\/2024\/04\/AdobeStock_167272236-1536x1010.jpeg 1536w, https:\/\/energieberatung-seeland.ch\/wp-content\/uploads\/2024\/04\/AdobeStock_167272236-2048x1347.jpeg 2048w, https:\/\/energieberatung-seeland.ch\/wp-content\/uploads\/2024\/04\/AdobeStock_167272236-18x12.jpeg 18w\" sizes=\"(max-width: 1024px) 100vw, 1024px\" \/><\/a><\/figure><div class=\"wp-block-media-text__content\">\n<div class=\"wp-block-uagb-advanced-heading uagb-block-367bc6fa\"><h2 class=\"uagb-heading-text\"><a href=\"https:\/\/energieberatung-seeland.ch\/infoveranstaltung-photovoltaik-und-solarthermie\/\" data-type=\"page\" data-id=\"1075\">Infoveranstaltung Photovoltaik und Solarthermie<\/a><\/h2><\/div>\n\n\n\n<p>Am 16. Mai 2024 zwischen 19:00 und 21:00 findet im Rathaussaal der Gemeinde B\u00fcren an der Aare eine Infoveranstaltung zum Thema Solarenergie statt. Lassen Sie sich durch die Praxiserfahrung der Referenten inspirieren und nutzen Sie den Infoanlass, um den ersten Schritt zu machen, um zuk\u00fcnftig selbst erneuerbare Energie zu erzeugen.<\/p>\n<\/div><\/div>\n\n\n\n<hr class=\"wp-block-separator has-alpha-channel-opacity is-style-wide\"\/>\n\n\n\n<div class=\"wp-block-media-text is-stacked-on-mobile\" style=\"grid-template-columns:40% auto\"><figure class=\"wp-block-media-text__media\"><a href=\"https:\/\/energieberatung-seeland.ch\/energieforum-ipsach-4-mai-2024\/\"><img loading=\"lazy\" decoding=\"async\" width=\"1024\" height=\"495\" src=\"https:\/\/energieberatung-seeland.ch\/wp-content\/uploads\/2024\/04\/Ipsach2-1024x495.png\" alt=\"\" class=\"wp-image-1055 size-full\" srcset=\"https:\/\/energieberatung-seeland.ch\/wp-content\/uploads\/2024\/04\/Ipsach2-1024x495.png 1024w, https:\/\/energieberatung-seeland.ch\/wp-content\/uploads\/2024\/04\/Ipsach2-300x145.png 300w, https:\/\/energieberatung-seeland.ch\/wp-content\/uploads\/2024\/04\/Ipsach2-768x371.png 768w, https:\/\/energieberatung-seeland.ch\/wp-content\/uploads\/2024\/04\/Ipsach2-18x9.png 18w, https:\/\/energieberatung-seeland.ch\/wp-content\/uploads\/2024\/04\/Ipsach2.png 1234w\" sizes=\"(max-width: 1024px) 100vw, 1024px\" \/><\/a><\/figure><div class=\"wp-block-media-text__content\">\n<div class=\"wp-block-uagb-advanced-heading uagb-block-610477a4\"><h2 class=\"uagb-heading-text\"><a href=\"https:\/\/energieberatung-seeland.ch\/energieforum-ipsach-4-mai-2024\/\" data-type=\"page\" data-id=\"1050\">Energieforum Ipsach, 4. Mai 2024<\/a><\/h2><\/div>\n\n\n\n<p>Am 4. Mai 2024 findet das Energieforum bei der Mehrzweckhalle Ipsach statt.&nbsp;Das Programm besteht aus vielseitigen Vortr\u00e4gen und Informationsst\u00e4nden u.a. zu den Themen Solar- und Photovoltaik-l\u00f6sungen, W\u00e4rmepumpen, Energiespeicher,  Elektrofahrzeuge und Ladeinfrastruktur, Energieberatung und vieles mehr.<\/p>\n<\/div><\/div>\n\n\n\n<hr class=\"wp-block-separator has-alpha-channel-opacity is-style-wide\"\/>\n\n\n\n<div class=\"wp-block-media-text is-stacked-on-mobile\" style=\"grid-template-columns:40% auto\"><figure class=\"wp-block-media-text__media\"><a href=\"https:\/\/energieberatung-seeland.ch\/7-solarcup-seeland-samstag-15-juni-2024-ab-10-uhr\/\"><img loading=\"lazy\" decoding=\"async\" width=\"800\" height=\"372\" src=\"https:\/\/energieberatung-seeland.ch\/wp-content\/uploads\/2024\/04\/solarcup-.jpg\" alt=\"\" class=\"wp-image-808 size-full\" srcset=\"https:\/\/energieberatung-seeland.ch\/wp-content\/uploads\/2024\/04\/solarcup-.jpg 800w, https:\/\/energieberatung-seeland.ch\/wp-content\/uploads\/2024\/04\/solarcup--300x140.jpg 300w, https:\/\/energieberatung-seeland.ch\/wp-content\/uploads\/2024\/04\/solarcup--768x357.jpg 768w, https:\/\/energieberatung-seeland.ch\/wp-content\/uploads\/2024\/04\/solarcup--18x8.jpg 18w\" sizes=\"(max-width: 800px) 100vw, 800px\" \/><\/a><\/figure><div class=\"wp-block-media-text__content\">\n<div class=\"wp-block-uagb-advanced-heading uagb-block-b89d65da\"><h2 class=\"uagb-heading-text\"><a href=\"https:\/\/energieberatung-seeland.ch\/7-solarcup-seeland-samstag-15-juni-2024-ab-10-uhr\/\" data-type=\"page\" data-id=\"810\">7. Solarcup Seeland: Samstag, 15. Juni 2024 <br>ab 10 Uhr in Br\u00fcgg<\/a><\/h2><\/div>\n\n\n\n<p>Am Samstag, 15. Juni 2024 ist es wieder so weit: das Solarcup-Rennfieber bricht aus. Ab 10 Uhr f\u00e4llt in Br\u00fcgg der Startschuss zum 7. Solarcup.<\/p>\n<\/div><\/div>\n\n\n\n<hr class=\"wp-block-separator has-alpha-channel-opacity is-style-wide\"\/>\n\n\n\n<div class=\"wp-block-media-text is-stacked-on-mobile\" style=\"grid-template-columns:40% auto\"><figure class=\"wp-block-media-text__media\"><a href=\"https:\/\/energieberatung-seeland.ch\/schulung-energetischer-massnahmennachweis-emn\/\"><img loading=\"lazy\" decoding=\"async\" width=\"1024\" height=\"556\" src=\"https:\/\/energieberatung-seeland.ch\/wp-content\/uploads\/2024\/04\/AdobeStock_197601554-Benutzerdefiniert-1024x556.jpeg\" alt=\"\" class=\"wp-image-1027 size-full\" srcset=\"https:\/\/energieberatung-seeland.ch\/wp-content\/uploads\/2024\/04\/AdobeStock_197601554-Benutzerdefiniert-1024x556.jpeg 1024w, https:\/\/energieberatung-seeland.ch\/wp-content\/uploads\/2024\/04\/AdobeStock_197601554-Benutzerdefiniert-300x163.jpeg 300w, https:\/\/energieberatung-seeland.ch\/wp-content\/uploads\/2024\/04\/AdobeStock_197601554-Benutzerdefiniert-768x417.jpeg 768w, https:\/\/energieberatung-seeland.ch\/wp-content\/uploads\/2024\/04\/AdobeStock_197601554-Benutzerdefiniert-18x10.jpeg 18w, https:\/\/energieberatung-seeland.ch\/wp-content\/uploads\/2024\/04\/AdobeStock_197601554-Benutzerdefiniert.jpeg 1178w\" sizes=\"(max-width: 1024px) 100vw, 1024px\" \/><\/a><\/figure><div class=\"wp-block-media-text__content\">\n<div class=\"wp-block-uagb-advanced-heading uagb-block-009c8094\"><h2 class=\"uagb-heading-text\"><a href=\"https:\/\/energieberatung-seeland.ch\/schulung-energetischer-massnahmennachweis-emn-fuer-gemeinden\/\" data-type=\"page\" data-id=\"1008\">Schulung Energetischer Massnahmennachweis (EMN) f\u00fcr Gemeinden am 04.06.2024 in Biel<\/a><\/h2><\/div>\n\n\n\n<p>Gerne laden wir Euch als kommunale Verantwortliche f\u00fcr die Bauverwaltung zu einer Schulung zum Thema: \u00abKantonales Energiegesetz (KEnG 2023) und Energetische Massnahmennachweise\u00bb ein.<\/p>\n<\/div><\/div>\n\n\n\n<hr class=\"wp-block-separator has-alpha-channel-opacity is-style-wide\"\/>\n\n\n\n<div class=\"wp-block-media-text is-stacked-on-mobile\" style=\"grid-template-columns:40% auto\"><figure class=\"wp-block-media-text__media\"><a href=\"https:\/\/energieberatung-seeland.ch\/schulung-energetischer-massnahmennachweis-emn\/\"><img loading=\"lazy\" decoding=\"async\" width=\"1024\" height=\"574\" src=\"https:\/\/energieberatung-seeland.ch\/wp-content\/uploads\/2024\/04\/AdobeStock_661901099-1024x574.jpeg\" alt=\"\" class=\"wp-image-1025 size-full\" srcset=\"https:\/\/energieberatung-seeland.ch\/wp-content\/uploads\/2024\/04\/AdobeStock_661901099-1024x574.jpeg 1024w, https:\/\/energieberatung-seeland.ch\/wp-content\/uploads\/2024\/04\/AdobeStock_661901099-300x168.jpeg 300w, https:\/\/energieberatung-seeland.ch\/wp-content\/uploads\/2024\/04\/AdobeStock_661901099-768x430.jpeg 768w, https:\/\/energieberatung-seeland.ch\/wp-content\/uploads\/2024\/04\/AdobeStock_661901099-1536x861.jpeg 1536w, https:\/\/energieberatung-seeland.ch\/wp-content\/uploads\/2024\/04\/AdobeStock_661901099-2048x1148.jpeg 2048w, https:\/\/energieberatung-seeland.ch\/wp-content\/uploads\/2024\/04\/AdobeStock_661901099-18x10.jpeg 18w\" sizes=\"(max-width: 1024px) 100vw, 1024px\" \/><\/a><\/figure><div class=\"wp-block-media-text__content\">\n<div class=\"wp-block-uagb-advanced-heading uagb-block-021882f2\"><h2 class=\"uagb-heading-text\"><a href=\"https:\/\/energieberatung-seeland.ch\/schulung-energetischer-massnahmennachweis-emn\/\">Schulung Energetischer Massnahmennachweis (EMN) f\u00fcr Fachpersonen am 23.05.2024 in Biel<\/a><\/h2><\/div>\n\n\n\n<p>Gerne laden wir Euch als Fachpersonen, Planer und Austeller von Energetischen Massnahmennachweisen (EMN) zu einer Schulung ein.<\/p>\n<\/div><\/div>\n\n\n\n<hr class=\"wp-block-separator has-alpha-channel-opacity is-style-wide\"\/>\n\n\n\n<div class=\"wp-block-media-text is-stacked-on-mobile\" style=\"grid-template-columns:40% auto\"><figure class=\"wp-block-media-text__media\"><a href=\"https:\/\/energieberatung-seeland.ch\/energie-und-klimatalk-twann\/\"><img loading=\"lazy\" decoding=\"async\" width=\"1024\" height=\"410\" src=\"https:\/\/energieberatung-seeland.ch\/wp-content\/uploads\/2024\/04\/Banner_AUE_EKT4_mitQR-1024x410.jpg\" alt=\"\" class=\"wp-image-656 size-full\" srcset=\"https:\/\/energieberatung-seeland.ch\/wp-content\/uploads\/2024\/04\/Banner_AUE_EKT4_mitQR-1024x410.jpg 1024w, https:\/\/energieberatung-seeland.ch\/wp-content\/uploads\/2024\/04\/Banner_AUE_EKT4_mitQR-300x120.jpg 300w, https:\/\/energieberatung-seeland.ch\/wp-content\/uploads\/2024\/04\/Banner_AUE_EKT4_mitQR-768x307.jpg 768w, https:\/\/energieberatung-seeland.ch\/wp-content\/uploads\/2024\/04\/Banner_AUE_EKT4_mitQR-18x7.jpg 18w, https:\/\/energieberatung-seeland.ch\/wp-content\/uploads\/2024\/04\/Banner_AUE_EKT4_mitQR.jpg 1300w\" sizes=\"(max-width: 1024px) 100vw, 1024px\" \/><\/a><\/figure><div class=\"wp-block-media-text__content\">\n<div class=\"wp-block-uagb-advanced-heading uagb-block-f6c8508a\"><h2 class=\"uagb-heading-text\"><a href=\"https:\/\/energieberatung-seeland.ch\/energie-und-klimatalk-twann\/\" data-type=\"page\" data-id=\"680\">Energie- und Klimatalk Twann<\/a><\/h2><\/div>\n\n\n\n<p>Die Energie- und Klimatalks kommen in die Region Seeland. Wir freuen uns, Sie pers\u00f6nlich am Event begr\u00fcssen zu d\u00fcrfen. <\/p>\n<\/div><\/div>\n\n\n\n<hr class=\"wp-block-separator has-alpha-channel-opacity is-style-wide\"\/>\n\n\n\n<p><\/p>\n","protected":false},"excerpt":{"rendered":"","protected":false},"author":1,"featured_media":0,"parent":0,"menu_order":0,"comment_status":"closed","ping_status":"closed","template":"","meta":{"_uag_custom_page_level_css":"","site-sidebar-layout":"default","site-content-layout":"","ast-site-content-layout":"default","site-content-style":"default","site-sidebar-style":"default","ast-global-header-display":"","ast-banner-title-visibility":"","ast-main-header-display":"","ast-hfb-above-header-display":"","ast-hfb-below-header-display":"","ast-hfb-mobile-header-display":"","site-post-title":"","ast-breadcrumbs-content":"","ast-featured-img":"","footer-sml-layout":"","ast-disable-related-posts":"","theme-transparent-header-meta":"","adv-header-id-meta":"","stick-header-meta":"","header-above-stick-meta":"","header-main-stick-meta":"","header-below-stick-meta":"","astra-migrate-meta-layouts":"set","ast-page-background-enabled":"default","ast-page-background-meta":{"desktop":{"background-color":"var(--ast-global-color-4)","background-image":"","background-repeat":"repeat","background-position":"center center","background-size":"auto","background-attachment":"scroll","background-type":"","background-media":"","overlay-type":"","overlay-color":"","overlay-opacity":"","overlay-gradient":""},"tablet":{"background-color":"","background-image":"","background-repeat":"repeat","background-position":"center center","background-size":"auto","background-attachment":"scroll","background-type":"","background-media":"","overlay-type":"","overlay-color":"","overlay-opacity":"","overlay-gradient":""},"mobile":{"background-color":"","background-image":"","background-repeat":"repeat","background-position":"center center","background-size":"auto","background-attachment":"scroll","background-type":"","background-media":"","overlay-type":"","overlay-color":"","overlay-opacity":"","overlay-gradient":""}},"ast-content-background-meta":{"desktop":{"background-color":"var(--ast-global-color-5)","background-image":"","background-repeat":"repeat","background-position":"center center","background-size":"auto","background-attachment":"scroll","background-type":"","background-media":"","overlay-type":"","overlay-color":"","overlay-opacity":"","overlay-gradient":""},"tablet":{"background-color":"var(--ast-global-color-5)","background-image":"","background-repeat":"repeat","background-position":"center center","background-size":"auto","background-attachment":"scroll","background-type":"","background-media":"","overlay-type":"","overlay-color":"","overlay-opacity":"","overlay-gradient":""},"mobile":{"background-color":"var(--ast-global-color-5)","background-image":"","background-repeat":"repeat","background-position":"center center","background-size":"auto","background-attachment":"scroll","background-type":"","background-media":"","overlay-type":"","overlay-color":"","overlay-opacity":"","overlay-gradient":""}},"footnotes":""},"class_list":["post-37","page","type-page","status-publish","hentry"],"uagb_featured_image_src":{"full":false,"thumbnail":false,"medium":false,"medium_large":false,"large":false,"1536x1536":false,"2048x2048":false,"trp-custom-language-flag":false},"uagb_author_info":{"display_name":"Energieberatung Seeland","author_link":"https:\/\/energieberatung-seeland.ch\/de_de\/author\/energieberatung-seeland\/"},"uagb_comment_info":0,"uagb_excerpt":null,"_links":{"self":[{"href":"https:\/\/energieberatung-seeland.ch\/de_de\/wp-json\/wp\/v2\/pages\/37","targetHints":{"allow":["GET"]}}],"collection":[{"href":"https:\/\/energieberatung-seeland.ch\/de_de\/wp-json\/wp\/v2\/pages"}],"about":[{"href":"https:\/\/energieberatung-seeland.ch\/de_de\/wp-json\/wp\/v2\/types\/page"}],"author":[{"embeddable":true,"href":"https:\/\/energieberatung-seeland.ch\/de_de\/wp-json\/wp\/v2\/users\/1"}],"replies":[{"embeddable":true,"href":"https:\/\/energieberatung-seeland.ch\/de_de\/wp-json\/wp\/v2\/comments?post=37"}],"version-history":[{"count":78,"href":"https:\/\/energieberatung-seeland.ch\/de_de\/wp-json\/wp\/v2\/pages\/37\/revisions"}],"predecessor-version":[{"id":1852,"href":"https:\/\/energieberatung-seeland.ch\/de_de\/wp-json\/wp\/v2\/pages\/37\/revisions\/1852"}],"wp:attachment":[{"href":"https:\/\/energieberatung-seeland.ch\/de_de\/wp-json\/wp\/v2\/media?parent=37"}],"curies":[{"name":"wp","href":"https:\/\/api.w.org\/{rel}","templated":true}]}}