{"id":1329,"date":"2024-12-09T14:06:25","date_gmt":"2024-12-09T13:06:25","guid":{"rendered":"https:\/\/energieberatung-seeland.ch\/?page_id=1329"},"modified":"2024-12-18T14:28:55","modified_gmt":"2024-12-18T13:28:55","slug":"infos-zur-klimaveraenderung","status":"publish","type":"page","link":"https:\/\/energieberatung-seeland.ch\/fr_ch\/infos-zur-klimaveraenderung\/","title":{"rendered":"Informations sur le changement climatique"},"content":{"rendered":"<p>Cette section contient diff\u00e9rents liens, une fiche d'information ainsi que des documents compl\u00e9mentaires sur le th\u00e8me du changement climatique. <\/p>\n\n\n\n<ul class=\"wp-block-list\">\n<li><a href=\"https:\/\/www.ekdp.apps.be.ch\/home\" target=\"_blank\" rel=\"noreferrer noopener\">Plate-forme de donn\u00e9es \u00e9nerg\u00e9tiques et climatiques du canton de Berne <\/a><\/li>\n\n\n\n<li>Calculez l'impact environnemental des diff\u00e9rents moyens de transport gr\u00e2ce <a href=\"https:\/\/www.suisseenergie.ch\/programmes\/calculateur-environnemental-transport\/?pk_vid=6df84942e5ef42031733751550c07e48\" target=\"_blank\" rel=\"noreferrer noopener\">\u00e0 l'\u00e9cocalculateur de SuisseEnergie<\/a> .<\/li>\n\n\n\n<li>Informez-vous sur le <a href=\"https:\/\/eaternity.org\/\" target=\"_blank\" rel=\"noreferrer noopener\">bilan climatique de diff\u00e9rents aliments<\/a><\/li>\n\n\n\n<li>Commandez le poster <a href=\"https:\/\/www.ayce.earth\/de\/\" target=\"_blank\" rel=\"noreferrer noopener\">&#8222;Alles, was du f\u00fcrs Klima essen kannst&#8220;<\/a><\/li>\n\n\n\n<li><a href=\"https:\/\/www.bafu.admin.ch\/bafu\/fr\/home\/themes\/alimentation-logement-mobilite\/dossiers\/magazine-l-environnement-4-2022-dossier\/ville-eponge-s-adapter-aux-episodes-climatiques-extremes.html\" target=\"_blank\" rel=\"noreferrer noopener\">Ville-\u00e9ponge : S\u2019adapter aux \u00e9pisodes climatiques extr\u00eames<\/a><\/li>\n<\/ul>\n\n\n\n<h5 class=\"wp-block-heading\">Soutien des communes dans leurs strat\u00e9gies climatiques : plateforme de donn\u00e9es \u00e9nerg\u00e9tiques et climatiques du canton de Berne<\/h5>\n\n\n\n<p>Le canton de Berne soutient les communes sur la voie de la neutralit\u00e9 climatique d'ici 2050. La&nbsp;<a href=\"https:\/\/www.weu.be.ch\/fr\/start\/themen\/energie\/energiedatenplattform.html\" target=\"_blank\" rel=\"noreferrer noopener\">plate-forme \u00e9nergie et climat<\/a>&nbsp;sert d'instrument de suivi aux communes. Il permet de pr\u00e9senter les donn\u00e9es \u00e9nerg\u00e9tiques et climatiques au niveau communal et de mettre en \u00e9vidence les succ\u00e8s obtenus sur la voie de la neutralit\u00e9 climatique. De plus, le canton soutient d\u00e9sormais financi\u00e8rement les strat\u00e9gies climatiques communales.<\/p>\n\n\n\n<p><strong>Le canton de Berne soutient les communes bernoises d'une part sous forme de donn\u00e9es avec la nouvelle plateforme de donn\u00e9es \u00e9nerg\u00e9tiques et climatiques, et d'autre part financi\u00e8rement sous forme d'un soutien de 50% des co\u00fbts jusqu'\u00e0 CHF 20'000 pour l'\u00e9laboration d'une strat\u00e9gie climatique.<\/strong><\/p>\n\n\n\n<p>La plateforme de donn\u00e9es \u00e9nerg\u00e9tiques et climatiques permet de repr\u00e9senter les donn\u00e9es \u00e9nerg\u00e9tiques et climatiques au niveau communal \u00e0 l'aide de relev\u00e9s cantonaux et de donn\u00e9es mod\u00e9lis\u00e9es. Au sein de cette plateforme, les valeurs d'\u00e9mission des domaines du chauffage, du transport, de l'industrie et de l'agriculture peuvent \u00eatre repr\u00e9sent\u00e9es par commune via le&nbsp;<a href=\"https:\/\/www.energis.apps.be.ch\/home\" target=\"_blank\" rel=\"noreferrer noopener\">tableau de bord climatique&nbsp;<\/a>.<\/p>\n\n\n\n<p>Sur la base des donn\u00e9es mises \u00e0 disposition par le canton, les communes peuvent \u00e9laborer des strat\u00e9gies climatiques qui sont soutenues financi\u00e8rement par le canton. Il s'agit alors d'\u00e9laborer des mesures concr\u00e8tes pour r\u00e9duire les \u00e9missions de gaz \u00e0 effet de serre et de d\u00e9finir l'adaptation au changement climatique. <a href=\"https:\/\/energieberatung-seeland.ch\/wp-content\/uploads\/2024\/12\/BAFU_Wegweiser_Klimastrategie_FR_220512.pdf\" target=\"_blank\" rel=\"noreferrer noopener\">&#8222;Wegweiser Klimastrategie f\u00fcr Gemeinden&#8220;<\/a> sert de guide, divis\u00e9 en huit \u00e9tapes.<\/p>\n\n\n\n<div class=\"wp-block-uagb-container uagb-block-3a07cc73 alignfull uagb-is-root-container\"><div class=\"uagb-container-inner-blocks-wrap\">\n<div class=\"wp-block-uagb-container uagb-block-8a817bdf\">\n<div class=\"wp-block-uagb-image uagb-block-43bac711 wp-block-uagb-image--layout-default wp-block-uagb-image--effect-static wp-block-uagb-image--align-none\"><figure class=\"wp-block-uagb-image__figure\"><a class=\"\" href=\"https:\/\/energieberatung-seeland.ch\/wp-content\/uploads\/2024\/12\/Klimaveraenderung-und-Treibhausgas-Fussabdruck__fr.pdf\" target=\"_blank\" rel=\"noreferrer noopener\"><img loading=\"lazy\" decoding=\"async\" srcset=\"https:\/\/energieberatung-seeland.ch\/wp-content\/uploads\/2024\/12\/Klimaveraenderung-und-Treibhausgas-Fussabdruck__fr-1_page-0001-scaled.jpg 1810w, https:\/\/energieberatung-seeland.ch\/wp-content\/uploads\/2024\/12\/Klimaveraenderung-und-Treibhausgas-Fussabdruck__fr-1_page-0001-212x300.jpg 212w, https:\/\/energieberatung-seeland.ch\/wp-content\/uploads\/2024\/12\/Klimaveraenderung-und-Treibhausgas-Fussabdruck__fr-1_page-0001-724x1024.jpg 724w, https:\/\/energieberatung-seeland.ch\/wp-content\/uploads\/2024\/12\/Klimaveraenderung-und-Treibhausgas-Fussabdruck__fr-1_page-0001-768x1086.jpg 768w, https:\/\/energieberatung-seeland.ch\/wp-content\/uploads\/2024\/12\/Klimaveraenderung-und-Treibhausgas-Fussabdruck__fr-1_page-0001-1086x1536.jpg 1086w, https:\/\/energieberatung-seeland.ch\/wp-content\/uploads\/2024\/12\/Klimaveraenderung-und-Treibhausgas-Fussabdruck__fr-1_page-0001-1448x2048.jpg 1448w, https:\/\/energieberatung-seeland.ch\/wp-content\/uploads\/2024\/12\/Klimaveraenderung-und-Treibhausgas-Fussabdruck__fr-1_page-0001-8x12.jpg 8w\" sizes=\"auto, (max-width: 480px) 150px\" src=\"https:\/\/energieberatung-seeland.ch\/wp-content\/uploads\/2024\/12\/Klimaveraenderung-und-Treibhausgas-Fussabdruck__fr-1_page-0001-scaled.jpg\" alt=\"\" class=\"uag-image-1330\" width=\"724\" height=\"1024\" title=\"Klimaver\u00e4nderung und Treibhausgas-Fussabdruck\" role=\"img\"\/><\/a><\/figure><\/div>\n<\/div>\n\n\n\n<div class=\"wp-block-uagb-container uagb-block-51a489b3\">\n<div class=\"wp-block-uagb-image uagb-block-a9f0c991 wp-block-uagb-image--layout-default wp-block-uagb-image--effect-static wp-block-uagb-image--align-none\"><figure class=\"wp-block-uagb-image__figure\"><a class=\"\" href=\"https:\/\/energieberatung-seeland.ch\/wp-content\/uploads\/2024\/12\/Klimareport_23_FR_2online.pdf\" target=\"_blank\" rel=\"noreferrer noopener\"><img loading=\"lazy\" decoding=\"async\" srcset=\"https:\/\/energieberatung-seeland.ch\/wp-content\/uploads\/2024\/12\/Klimareport_23_FR_2online-1_page-0001-scaled.jpg 1811w, https:\/\/energieberatung-seeland.ch\/wp-content\/uploads\/2024\/12\/Klimareport_23_FR_2online-1_page-0001-212x300.jpg 212w, https:\/\/energieberatung-seeland.ch\/wp-content\/uploads\/2024\/12\/Klimareport_23_FR_2online-1_page-0001-724x1024.jpg 724w, https:\/\/energieberatung-seeland.ch\/wp-content\/uploads\/2024\/12\/Klimareport_23_FR_2online-1_page-0001-768x1086.jpg 768w, https:\/\/energieberatung-seeland.ch\/wp-content\/uploads\/2024\/12\/Klimareport_23_FR_2online-1_page-0001-1086x1536.jpg 1086w, https:\/\/energieberatung-seeland.ch\/wp-content\/uploads\/2024\/12\/Klimareport_23_FR_2online-1_page-0001-1448x2048.jpg 1448w, https:\/\/energieberatung-seeland.ch\/wp-content\/uploads\/2024\/12\/Klimareport_23_FR_2online-1_page-0001-8x12.jpg 8w\" sizes=\"auto, (max-width: 480px) 150px\" src=\"https:\/\/energieberatung-seeland.ch\/wp-content\/uploads\/2024\/12\/Klimareport_23_FR_2online-1_page-0001-scaled.jpg\" alt=\"\" class=\"uag-image-1333\" width=\"724\" height=\"1024\" title=\"MeteoSchweiz_Klimareport\" role=\"img\"\/><\/a><\/figure><\/div>\n<\/div>\n\n\n\n<div class=\"wp-block-uagb-container uagb-block-2a4f58ce\">\n<div class=\"wp-block-uagb-image uagb-block-c2046f56 wp-block-uagb-image--layout-default wp-block-uagb-image--effect-static wp-block-uagb-image--align-none\"><figure class=\"wp-block-uagb-image__figure\"><a class=\"\" href=\"https:\/\/energieberatung-seeland.ch\/wp-content\/uploads\/2024\/12\/BAFU_Wegweiser_Klimastrategie_FR_220512.pdf\" target=\"_blank\" rel=\"noreferrer noopener\"><img loading=\"lazy\" decoding=\"async\" srcset=\"https:\/\/energieberatung-seeland.ch\/wp-content\/uploads\/2024\/12\/BAFU_Wegweiser_Klimastrategie_FR_220512-1_page-0001-scaled.jpg 1811w, https:\/\/energieberatung-seeland.ch\/wp-content\/uploads\/2024\/12\/BAFU_Wegweiser_Klimastrategie_FR_220512-1_page-0001-212x300.jpg 212w, https:\/\/energieberatung-seeland.ch\/wp-content\/uploads\/2024\/12\/BAFU_Wegweiser_Klimastrategie_FR_220512-1_page-0001-724x1024.jpg 724w, https:\/\/energieberatung-seeland.ch\/wp-content\/uploads\/2024\/12\/BAFU_Wegweiser_Klimastrategie_FR_220512-1_page-0001-768x1086.jpg 768w, https:\/\/energieberatung-seeland.ch\/wp-content\/uploads\/2024\/12\/BAFU_Wegweiser_Klimastrategie_FR_220512-1_page-0001-1086x1536.jpg 1086w, https:\/\/energieberatung-seeland.ch\/wp-content\/uploads\/2024\/12\/BAFU_Wegweiser_Klimastrategie_FR_220512-1_page-0001-1448x2048.jpg 1448w, https:\/\/energieberatung-seeland.ch\/wp-content\/uploads\/2024\/12\/BAFU_Wegweiser_Klimastrategie_FR_220512-1_page-0001-8x12.jpg 8w\" sizes=\"auto, (max-width: 480px) 150px\" src=\"https:\/\/energieberatung-seeland.ch\/wp-content\/uploads\/2024\/12\/BAFU_Wegweiser_Klimastrategie_FR_220512-1_page-0001-scaled.jpg\" alt=\"\" class=\"uag-image-1335\" width=\"303\" height=\"429\" title=\"BAFU_Wegweiser_Klimastrategie\" role=\"img\"\/><\/a><\/figure><\/div>\n<\/div>\n<\/div><\/div>\n\n\n\n<div class=\"wp-block-uagb-container uagb-block-9fa36af3 alignfull uagb-is-root-container\"><div class=\"uagb-container-inner-blocks-wrap\">\n<div class=\"wp-block-uagb-container uagb-block-f6482c49\">\n<div class=\"wp-block-uagb-image uagb-block-eda773a4 wp-block-uagb-image--layout-default wp-block-uagb-image--effect-static wp-block-uagb-image--align-none\"><figure class=\"wp-block-uagb-image__figure\"><a class=\"\" href=\"https:\/\/energieberatung-seeland.ch\/wp-content\/uploads\/2024\/12\/UI-2307-F_Abschl_Pilotprogramm-Klima.pdf\" target=\"_blank\" rel=\"noreferrer noopener\"><img loading=\"lazy\" decoding=\"async\" srcset=\"https:\/\/energieberatung-seeland.ch\/wp-content\/uploads\/2024\/12\/UI-2307-F_Abschl_Pilotprogramm-Klima-1_page-0001-scaled.jpg 1811w, https:\/\/energieberatung-seeland.ch\/wp-content\/uploads\/2024\/12\/UI-2307-F_Abschl_Pilotprogramm-Klima-1_page-0001-212x300.jpg 212w, https:\/\/energieberatung-seeland.ch\/wp-content\/uploads\/2024\/12\/UI-2307-F_Abschl_Pilotprogramm-Klima-1_page-0001-724x1024.jpg 724w, https:\/\/energieberatung-seeland.ch\/wp-content\/uploads\/2024\/12\/UI-2307-F_Abschl_Pilotprogramm-Klima-1_page-0001-768x1086.jpg 768w, https:\/\/energieberatung-seeland.ch\/wp-content\/uploads\/2024\/12\/UI-2307-F_Abschl_Pilotprogramm-Klima-1_page-0001-1086x1536.jpg 1086w, https:\/\/energieberatung-seeland.ch\/wp-content\/uploads\/2024\/12\/UI-2307-F_Abschl_Pilotprogramm-Klima-1_page-0001-1448x2048.jpg 1448w, https:\/\/energieberatung-seeland.ch\/wp-content\/uploads\/2024\/12\/UI-2307-F_Abschl_Pilotprogramm-Klima-1_page-0001-8x12.jpg 8w\" sizes=\"auto, (max-width: 480px) 150px\" src=\"https:\/\/energieberatung-seeland.ch\/wp-content\/uploads\/2024\/12\/UI-2307-F_Abschl_Pilotprogramm-Klima-1_page-0001-scaled.jpg\" alt=\"\" class=\"uag-image-1337\" width=\"303\" height=\"405\" title=\"BAFU_Pilotprogramm_Klima\" role=\"img\"\/><\/a><\/figure><\/div>\n<\/div>\n\n\n\n<div class=\"wp-block-uagb-container uagb-block-7d0a4ec4\">\n<div class=\"wp-block-uagb-image uagb-block-7cf4d626 wp-block-uagb-image--layout-default wp-block-uagb-image--effect-static wp-block-uagb-image--align-none\"><figure class=\"wp-block-uagb-image__figure\"><a class=\"\" href=\"https:\/\/energieberatung-seeland.ch\/wp-content\/uploads\/2024\/12\/fr_BAFU_UZ_2013_Klimawandel_bf.pdf\" target=\"_blank\" rel=\"noreferrer noopener\"><img loading=\"lazy\" decoding=\"async\" srcset=\"https:\/\/energieberatung-seeland.ch\/wp-content\/uploads\/2024\/12\/fr_BAFU_UZ_2013_Klimawandel_bf-1_page-0001-scaled.jpg 1811w, https:\/\/energieberatung-seeland.ch\/wp-content\/uploads\/2024\/12\/fr_BAFU_UZ_2013_Klimawandel_bf-1_page-0001-212x300.jpg 212w, https:\/\/energieberatung-seeland.ch\/wp-content\/uploads\/2024\/12\/fr_BAFU_UZ_2013_Klimawandel_bf-1_page-0001-724x1024.jpg 724w, https:\/\/energieberatung-seeland.ch\/wp-content\/uploads\/2024\/12\/fr_BAFU_UZ_2013_Klimawandel_bf-1_page-0001-768x1086.jpg 768w, https:\/\/energieberatung-seeland.ch\/wp-content\/uploads\/2024\/12\/fr_BAFU_UZ_2013_Klimawandel_bf-1_page-0001-1086x1536.jpg 1086w, https:\/\/energieberatung-seeland.ch\/wp-content\/uploads\/2024\/12\/fr_BAFU_UZ_2013_Klimawandel_bf-1_page-0001-1448x2048.jpg 1448w, https:\/\/energieberatung-seeland.ch\/wp-content\/uploads\/2024\/12\/fr_BAFU_UZ_2013_Klimawandel_bf-1_page-0001-8x12.jpg 8w\" sizes=\"auto, (max-width: 480px) 150px\" src=\"https:\/\/energieberatung-seeland.ch\/wp-content\/uploads\/2024\/12\/fr_BAFU_UZ_2013_Klimawandel_bf-1_page-0001-scaled.jpg\" alt=\"\" class=\"uag-image-1343\" width=\"303\" height=\"429\" title=\"BAFU_Klimawandel_in_der_Schweiz\" role=\"img\"\/><\/a><\/figure><\/div>\n<\/div>\n\n\n\n<div class=\"wp-block-uagb-container uagb-block-cbfde9bd\">\n<div class=\"wp-block-uagb-image uagb-block-b573c173 wp-block-uagb-image--layout-default wp-block-uagb-image--effect-static wp-block-uagb-image--align-none\"><figure class=\"wp-block-uagb-image__figure\"><a class=\"\" href=\"https:\/\/energieberatung-seeland.ch\/wp-content\/uploads\/2024\/12\/uw-2201-f_eaudepluiedanslespaceurbain.pdf\" target=\"_blank\" rel=\"noreferrer noopener\"><img loading=\"lazy\" decoding=\"async\" srcset=\"https:\/\/energieberatung-seeland.ch\/wp-content\/uploads\/2024\/12\/uw-2201-f_eaudepluiedanslespaceurbain-1_page-0001-scaled.jpg 1811w, https:\/\/energieberatung-seeland.ch\/wp-content\/uploads\/2024\/12\/uw-2201-f_eaudepluiedanslespaceurbain-1_page-0001-212x300.jpg 212w, https:\/\/energieberatung-seeland.ch\/wp-content\/uploads\/2024\/12\/uw-2201-f_eaudepluiedanslespaceurbain-1_page-0001-724x1024.jpg 724w, https:\/\/energieberatung-seeland.ch\/wp-content\/uploads\/2024\/12\/uw-2201-f_eaudepluiedanslespaceurbain-1_page-0001-768x1086.jpg 768w, https:\/\/energieberatung-seeland.ch\/wp-content\/uploads\/2024\/12\/uw-2201-f_eaudepluiedanslespaceurbain-1_page-0001-1086x1536.jpg 1086w, https:\/\/energieberatung-seeland.ch\/wp-content\/uploads\/2024\/12\/uw-2201-f_eaudepluiedanslespaceurbain-1_page-0001-1448x2048.jpg 1448w, https:\/\/energieberatung-seeland.ch\/wp-content\/uploads\/2024\/12\/uw-2201-f_eaudepluiedanslespaceurbain-1_page-0001-8x12.jpg 8w\" sizes=\"auto, (max-width: 480px) 150px\" src=\"https:\/\/energieberatung-seeland.ch\/wp-content\/uploads\/2024\/12\/uw-2201-f_eaudepluiedanslespaceurbain-1_page-0001-scaled.jpg\" alt=\"\" class=\"uag-image-1341\" width=\"303\" height=\"420\" title=\"BAFU_Regenwasser_im_Siedlungsraum\" role=\"img\"\/><\/a><\/figure><\/div>\n<\/div>\n<\/div><\/div>\n\n\n\n<p><\/p>","protected":false},"excerpt":{"rendered":"<p>In diesem Abschnitt werden verschiedene Links, ein Faktenblatt als auch weiterf\u00fchrende Dokumente zum Thema Klimaver\u00e4nderung gezeigt. Unterst\u00fctzung der Gemeinden bei ihren Klimastrategien: Energie- und Klimadatenplattform des Kanton Bern Der Kanton Bern unterst\u00fctzt Gemeinden auf dem Weg zur Klimaneutralit\u00e4t bis 2050. Die&nbsp;Energie- und Klimadatenplattform&nbsp;dient den Gemeinden als Monitoring-Instrument. Darin lassen sich Energie- und Klimadaten auf Gemeindeebene [&hellip;]<\/p>\n","protected":false},"author":2,"featured_media":0,"parent":0,"menu_order":0,"comment_status":"closed","ping_status":"closed","template":"","meta":{"_uag_custom_page_level_css":"","site-sidebar-layout":"default","site-content-layout":"","ast-site-content-layout":"default","site-content-style":"default","site-sidebar-style":"default","ast-global-header-display":"","ast-banner-title-visibility":"","ast-main-header-display":"","ast-hfb-above-header-display":"","ast-hfb-below-header-display":"","ast-hfb-mobile-header-display":"","site-post-title":"","ast-breadcrumbs-content":"","ast-featured-img":"","footer-sml-layout":"","ast-disable-related-posts":"","theme-transparent-header-meta":"","adv-header-id-meta":"","stick-header-meta":"","header-above-stick-meta":"","header-main-stick-meta":"","header-below-stick-meta":"","astra-migrate-meta-layouts":"set","ast-page-background-enabled":"default","ast-page-background-meta":{"desktop":{"background-color":"var(--ast-global-color-4)","background-image":"","background-repeat":"repeat","background-position":"center center","background-size":"auto","background-attachment":"scroll","background-type":"","background-media":"","overlay-type":"","overlay-color":"","overlay-opacity":"","overlay-gradient":""},"tablet":{"background-color":"","background-image":"","background-repeat":"repeat","background-position":"center center","background-size":"auto","background-attachment":"scroll","background-type":"","background-media":"","overlay-type":"","overlay-color":"","overlay-opacity":"","overlay-gradient":""},"mobile":{"background-color":"","background-image":"","background-repeat":"repeat","background-position":"center center","background-size":"auto","background-attachment":"scroll","background-type":"","background-media":"","overlay-type":"","overlay-color":"","overlay-opacity":"","overlay-gradient":""}},"ast-content-background-meta":{"desktop":{"background-color":"var(--ast-global-color-5)","background-image":"","background-repeat":"repeat","background-position":"center center","background-size":"auto","background-attachment":"scroll","background-type":"","background-media":"","overlay-type":"","overlay-color":"","overlay-opacity":"","overlay-gradient":""},"tablet":{"background-color":"var(--ast-global-color-5)","background-image":"","background-repeat":"repeat","background-position":"center center","background-size":"auto","background-attachment":"scroll","background-type":"","background-media":"","overlay-type":"","overlay-color":"","overlay-opacity":"","overlay-gradient":""},"mobile":{"background-color":"var(--ast-global-color-5)","background-image":"","background-repeat":"repeat","background-position":"center center","background-size":"auto","background-attachment":"scroll","background-type":"","background-media":"","overlay-type":"","overlay-color":"","overlay-opacity":"","overlay-gradient":""}},"footnotes":""},"class_list":["post-1329","page","type-page","status-publish","hentry"],"uagb_featured_image_src":{"full":false,"thumbnail":false,"medium":false,"medium_large":false,"large":false,"1536x1536":false,"2048x2048":false,"trp-custom-language-flag":false},"uagb_author_info":{"display_name":"Beat Bachmann","author_link":"https:\/\/energieberatung-seeland.ch\/fr_ch\/author\/lehnherre\/"},"uagb_comment_info":0,"uagb_excerpt":"In diesem Abschnitt werden verschiedene Links, ein Faktenblatt als auch weiterf\u00fchrende Dokumente zum Thema Klimaver\u00e4nderung gezeigt. Unterst\u00fctzung der Gemeinden bei ihren Klimastrategien: Energie- und Klimadatenplattform des Kanton Bern Der Kanton Bern unterst\u00fctzt Gemeinden auf dem Weg zur Klimaneutralit\u00e4t bis 2050. Die&nbsp;Energie- und Klimadatenplattform&nbsp;dient den Gemeinden als Monitoring-Instrument. Darin lassen sich Energie- und Klimadaten auf Gemeindeebene\u2026","_links":{"self":[{"href":"https:\/\/energieberatung-seeland.ch\/fr_ch\/wp-json\/wp\/v2\/pages\/1329","targetHints":{"allow":["GET"]}}],"collection":[{"href":"https:\/\/energieberatung-seeland.ch\/fr_ch\/wp-json\/wp\/v2\/pages"}],"about":[{"href":"https:\/\/energieberatung-seeland.ch\/fr_ch\/wp-json\/wp\/v2\/types\/page"}],"author":[{"embeddable":true,"href":"https:\/\/energieberatung-seeland.ch\/fr_ch\/wp-json\/wp\/v2\/users\/2"}],"replies":[{"embeddable":true,"href":"https:\/\/energieberatung-seeland.ch\/fr_ch\/wp-json\/wp\/v2\/comments?post=1329"}],"version-history":[{"count":6,"href":"https:\/\/energieberatung-seeland.ch\/fr_ch\/wp-json\/wp\/v2\/pages\/1329\/revisions"}],"predecessor-version":[{"id":1402,"href":"https:\/\/energieberatung-seeland.ch\/fr_ch\/wp-json\/wp\/v2\/pages\/1329\/revisions\/1402"}],"wp:attachment":[{"href":"https:\/\/energieberatung-seeland.ch\/fr_ch\/wp-json\/wp\/v2\/media?parent=1329"}],"curies":[{"name":"wp","href":"https:\/\/api.w.org\/{rel}","templated":true}]}}