{"id":139,"date":"2023-02-17T12:38:23","date_gmt":"2023-02-17T11:38:23","guid":{"rendered":"http:\/\/energieberatung-seeland.ch\/?page_id=139"},"modified":"2026-03-05T14:54:37","modified_gmt":"2026-03-05T13:54:37","slug":"beratungsteam","status":"publish","type":"page","link":"https:\/\/energieberatung-seeland.ch\/fr_ch\/beratungsteam\/","title":{"rendered":"Sur nous"},"content":{"rendered":"<div class=\"wp-block-media-text has-media-on-the-right is-stacked-on-mobile\" style=\"grid-template-columns:auto 23%\"><div class=\"wp-block-media-text__content\">\n<p><strong>Le service de conseil en \u00e9nergie du Seeland conseille les particuliers, les communes et les entreprises sur le th\u00e8me de l'\u00e9nergie - de mani\u00e8re neutre, ind\u00e9pendante et cibl\u00e9e.<\/strong><br><br>Nous vous conseillons par t\u00e9l\u00e9phone, par e-mail, par vid\u00e9oconf\u00e9rence, sur place dans notre salle de r\u00e9union \u00e0 Biel\/Bienne (moyennant un rendez-vous pr\u00e9alable) ainsi que sur votre site (moyennant une taxe, voir <a href=\"https:\/\/energieberatung-seeland.ch\/fr_ch\/angebot\/\" data-type=\"page\" data-id=\"177\">Offres<\/a>). Pour ce faire, nous analysons votre maison, votre appartement ou votre bien immobilier et vous indiquons les mesures qui vous permettront par exemple d'augmenter l'efficacit\u00e9 \u00e9nerg\u00e9tique, de r\u00e9duire les pertes de chaleur ou d'am\u00e9liorer la technique du b\u00e2timent. Apr\u00e8s une consultation sur place, vous recevez un rapport de consultation avec des recommandations.<br><br>Le conseil public en \u00e9nergie du Seeland est assur\u00e9 sur mandat par Emch + Berger Revelio AG \u00e0 Berne. Vous trouverez ci-dessous de plus amples informations sur les conseillers.<\/p>\n<\/div><figure class=\"wp-block-media-text__media\"><a href=\"https:\/\/energieberatung-seeland.ch\/wp-content\/uploads\/2025\/12\/12_25-Flyer-EBS_fr.pdf\" target=\"_blank\" rel=\"noreferrer noopener\"><img fetchpriority=\"high\" decoding=\"async\" width=\"644\" height=\"912\" src=\"https:\/\/energieberatung-seeland.ch\/wp-content\/uploads\/2025\/09\/Platzhalter_Flyer.png\" alt=\"\" class=\"wp-image-1651 size-full\" srcset=\"https:\/\/energieberatung-seeland.ch\/wp-content\/uploads\/2025\/09\/Platzhalter_Flyer.png 644w, https:\/\/energieberatung-seeland.ch\/wp-content\/uploads\/2025\/09\/Platzhalter_Flyer-212x300.png 212w, https:\/\/energieberatung-seeland.ch\/wp-content\/uploads\/2025\/09\/Platzhalter_Flyer-8x12.png 8w\" sizes=\"(max-width: 644px) 100vw, 644px\" \/><\/a><\/figure><\/div>\n\n\n\n<h3 class=\"wp-block-heading\">\u00c9quipe de conseil<\/h3>\n\n\n\n<div class=\"wp-block-uagb-container uagb-block-f682acd2 alignfull uagb-is-root-container\"><div class=\"uagb-container-inner-blocks-wrap\">\n<div class=\"wp-block-uagb-container uagb-block-e601316e\">\n<div class=\"wp-block-uagb-image aligncenter uagb-block-203d6c0c wp-block-uagb-image--layout-default wp-block-uagb-image--effect-static wp-block-uagb-image--align-center\"><figure class=\"wp-block-uagb-image__figure\"><img loading=\"lazy\" decoding=\"async\" srcset=\"https:\/\/energieberatung-seeland.ch\/wp-content\/uploads\/2023\/02\/Bachmann-Beat_f-683x1024.jpg ,https:\/\/energieberatung-seeland.ch\/wp-content\/uploads\/2023\/02\/Bachmann-Beat_f-scaled.jpg 780w, https:\/\/energieberatung-seeland.ch\/wp-content\/uploads\/2023\/02\/Bachmann-Beat_f-scaled.jpg 360w\" sizes=\"auto, (max-width: 480px) 150px\" src=\"https:\/\/energieberatung-seeland.ch\/wp-content\/uploads\/2023\/02\/Bachmann-Beat_f-683x1024.jpg\" alt=\"\" class=\"uag-image-142\" width=\"199\" height=\"297\" title=\"Bachmann-Beat_f\" role=\"img\"\/><\/figure><\/div>\n\n\n\n<p class=\"has-text-align-center\"><strong>Beat Bachmann<\/strong><br><em>Chef de projet<\/em><br>Ing\u00e9nieur Environnement HES<br>CAS Conseil en \u00e9nergie<\/p>\n<\/div>\n\n\n\n<div class=\"wp-block-uagb-container uagb-block-f30087e8\">\n<div class=\"wp-block-uagb-image aligncenter uagb-block-b960b1c2 wp-block-uagb-image--layout-default wp-block-uagb-image--effect-static wp-block-uagb-image--align-center\"><figure class=\"wp-block-uagb-image__figure\"><img loading=\"lazy\" decoding=\"async\" srcset=\"https:\/\/energieberatung-seeland.ch\/wp-content\/uploads\/2023\/02\/Pfisterer-Anna-Maria-685x1024.jpg ,https:\/\/energieberatung-seeland.ch\/wp-content\/uploads\/2023\/02\/Pfisterer-Anna-Maria-scaled.jpg 780w, https:\/\/energieberatung-seeland.ch\/wp-content\/uploads\/2023\/02\/Pfisterer-Anna-Maria-scaled.jpg 360w\" sizes=\"auto, (max-width: 480px) 150px\" src=\"https:\/\/energieberatung-seeland.ch\/wp-content\/uploads\/2023\/02\/Pfisterer-Anna-Maria-685x1024.jpg\" alt=\"\" class=\"uag-image-143\" width=\"199\" height=\"297\" title=\"Pfisterer-Anna-Maria\" role=\"img\"\/><\/figure><\/div>\n\n\n\n<p class=\"has-text-align-center\"><strong>Anna-Maria Pfisterer<\/strong><br><em>Conseill\u00e8re en \u00e9nergie<\/em><br>M.Sc Mat\u00e9riaux renouvelables<\/p>\n<\/div>\n\n\n\n<div class=\"wp-block-uagb-container uagb-block-664f8bfc\">\n<div class=\"wp-block-uagb-image aligncenter uagb-block-22c2bb2e wp-block-uagb-image--layout-default wp-block-uagb-image--effect-static wp-block-uagb-image--align-center\"><figure class=\"wp-block-uagb-image__figure\"><img loading=\"lazy\" decoding=\"async\" srcset=\"https:\/\/energieberatung-seeland.ch\/wp-content\/uploads\/2026\/03\/Summerfield-Jonathan1-731x1024.jpg ,https:\/\/energieberatung-seeland.ch\/wp-content\/uploads\/2026\/03\/Summerfield-Jonathan1-scaled.jpg 780w, https:\/\/energieberatung-seeland.ch\/wp-content\/uploads\/2026\/03\/Summerfield-Jonathan1-scaled.jpg 360w\" sizes=\"auto, (max-width: 480px) 150px\" src=\"https:\/\/energieberatung-seeland.ch\/wp-content\/uploads\/2026\/03\/Summerfield-Jonathan1-731x1024.jpg\" alt=\"\" class=\"uag-image-1836\" width=\"199\" height=\"297\" title=\"Summerfield-Jonathan1\" role=\"img\"\/><\/figure><\/div>\n\n\n\n<p class=\"has-text-align-center\"><strong>Jonathan Summerfield<\/strong><br><em>Conseiller en \u00e9nergie<\/em><br>B.A.Sc G\u00e9nie m\u00e9canique<\/p>\n<\/div>\n\n\n\n<div class=\"wp-block-uagb-container uagb-block-311d4430\">\n<div class=\"wp-block-uagb-image aligncenter uagb-block-5c68f5e7 wp-block-uagb-image--layout-default wp-block-uagb-image--effect-static wp-block-uagb-image--align-center\"><figure class=\"wp-block-uagb-image__figure\"><img loading=\"lazy\" decoding=\"async\" srcset=\"https:\/\/energieberatung-seeland.ch\/wp-content\/uploads\/2025\/10\/baumann-marco-0417-1-732x1024.webp ,https:\/\/energieberatung-seeland.ch\/wp-content\/uploads\/2025\/10\/baumann-marco-0417-1.webp 780w, https:\/\/energieberatung-seeland.ch\/wp-content\/uploads\/2025\/10\/baumann-marco-0417-1.webp 360w\" sizes=\"auto, (max-width: 480px) 150px\" src=\"https:\/\/energieberatung-seeland.ch\/wp-content\/uploads\/2025\/10\/baumann-marco-0417-1-732x1024.webp\" alt=\"\" class=\"uag-image-1670\" width=\"199\" height=\"297\" title=\"baumann-marco-0417\" role=\"img\"\/><\/figure><\/div>\n\n\n\n<p class=\"has-text-align-center\"><strong>Marco Baumann<\/strong><br><em>Conseiller en \u00e9nergie<\/em><br>B.Sc \u00c9nergie et technologie environnementale<\/p>\n<\/div>\n\n\n\n<div class=\"wp-block-uagb-container uagb-block-589a138c\">\n<div class=\"wp-block-uagb-image aligncenter uagb-block-bfb36cd8 wp-block-uagb-image--layout-default wp-block-uagb-image--effect-static wp-block-uagb-image--align-center\"><figure class=\"wp-block-uagb-image__figure\"><img loading=\"lazy\" decoding=\"async\" srcset=\"https:\/\/energieberatung-seeland.ch\/wp-content\/uploads\/2026\/03\/Woupeyi-Michel1-731x1024.jpg ,https:\/\/energieberatung-seeland.ch\/wp-content\/uploads\/2026\/03\/Woupeyi-Michel1-scaled.jpg 780w, https:\/\/energieberatung-seeland.ch\/wp-content\/uploads\/2026\/03\/Woupeyi-Michel1-scaled.jpg 360w\" sizes=\"auto, (max-width: 480px) 150px\" src=\"https:\/\/energieberatung-seeland.ch\/wp-content\/uploads\/2026\/03\/Woupeyi-Michel1-731x1024.jpg\" alt=\"\" class=\"uag-image-1833\" width=\"199\" height=\"297\" title=\"Woupeyi-Michel1\" role=\"img\"\/><\/figure><\/div>\n\n\n\n<p class=\"has-text-align-center\"><strong>Michel Woupeyi<\/strong><br><em>Conseiller en \u00e9nergie<\/em><br>Dip. Spezialist Energiemanagement<\/p>\n<\/div>\n<\/div><\/div>\n\n\n\n<h3 class=\"wp-block-heading\">Mandants et partenaires<\/h3>\n\n\n\n<div class=\"wp-block-uagb-container uagb-block-2df75c90 alignfull uagb-is-root-container\"><div class=\"uagb-container-inner-blocks-wrap\">\n<figure><img decoding=\"async\" src=\"http:\/\/energieberatung-seeland.ch\/wp-content\/uploads\/2023\/02\/cropped-seeland_bb_logo_RZ-1-1024x211.png\" alt=\"\" style=\"width:264px;height:54px\"\/><\/figure>\n\n\n\n<p><strong>seeland.biel\/bienne<\/strong><br>La r\u00e9gion Bienne-Seeland est un espace de vie et d'activit\u00e9 \u00e9conomique attrayant, dot\u00e9 d'une longue tradition de collaboration r\u00e9gionale. La ville, l'agglom\u00e9ration et la campagne travaillent en partenariat pour atteindre leurs objectifs communs. seeland.biel\/bienne les soutient dans cette d\u00e9marche, g\u00e8re des projets intercommunaux et rassemble les forces politiques dans l'int\u00e9r\u00eat de la r\u00e9gion. seeland.biel\/bienne est bilingue et entretient une \u00e9troite collaboration avec la r\u00e9gion voisine Jura bernois.Bienne.<\/p>\n<\/div><\/div>\n\n\n\n<div class=\"wp-block-uagb-container uagb-block-47d40eff alignfull uagb-is-root-container\"><div class=\"uagb-container-inner-blocks-wrap\">\n<figure><img decoding=\"async\" src=\"http:\/\/energieberatung-seeland.ch\/wp-content\/uploads\/2023\/04\/Kanton_Bern_RGB-1024x472.jpg\" alt=\"\" style=\"width:217px;height:99px\"\/><\/figure>\n\n\n\n<p><strong>Direction de l'\u00e9conomie, de l'\u00e9nergie et de l'environnement du canton de Berne<br><\/strong>L'Office de l'environnement et de l'\u00e9nergie (OEE) est le centre de comp\u00e9tences cantonal pour le d\u00e9veloppement durable. Il soutient de mani\u00e8re comp\u00e9tente les particuliers ainsi que la politique et l'administration dans la gestion intelligente \u00e0 long terme des conflits d'objectifs li\u00e9s \u00e0 l'utilisation de ressources limit\u00e9es. Le canton de Berne cofinance l'offre du service public de conseil en \u00e9nergie du Seeland.<\/p>\n<\/div><\/div>\n\n\n\n<div class=\"wp-block-uagb-container uagb-block-301bad88 alignfull uagb-is-root-container\"><div class=\"uagb-container-inner-blocks-wrap\">\n<figure><img decoding=\"async\" src=\"http:\/\/energieberatung-seeland.ch\/wp-content\/uploads\/2023\/04\/ECH_Logo_D-1024x175.jpg\" alt=\"\" style=\"width:301px;height:50px\"\/><\/figure>\n\n\n\n<p><strong>SuisseEnergie<\/strong><br>SuisseEnergie est la plate-forme centrale de l'Office f\u00e9d\u00e9ral de l'\u00e9nergie. Ses activit\u00e9s comprennent la sensibilisation, l'information, la formation et le perfectionnement ainsi que l'assurance qualit\u00e9.<\/p>\n<\/div><\/div>\n\n\n\n<p><\/p>","protected":false},"excerpt":{"rendered":"<p>Die Energieberatungsstelle Seeland ber\u00e4t Privatpersonen, Gemeinden und Unternehmen rund um das Thema Energie \u2013 neutral, unabh\u00e4ngig und zielf\u00fchrend. Wir beraten Sie telefonisch, per E-Mail, Videokonferenz, vor Ort in unserem Sitzungszimmer in Biel\/Bienne (gegen vorg\u00e4ngige Terminvereinbarung) als auch bei Ihnen vor Ort (gegen eine Geb\u00fchr, siehe Angebot). Dazu analysieren wir Ihr Haus, Ihre Wohnung oder Ihre [&hellip;]<\/p>\n","protected":false},"author":2,"featured_media":0,"parent":0,"menu_order":0,"comment_status":"closed","ping_status":"closed","template":"","meta":{"_uag_custom_page_level_css":"","site-sidebar-layout":"default","site-content-layout":"","ast-site-content-layout":"default","site-content-style":"default","site-sidebar-style":"default","ast-global-header-display":"","ast-banner-title-visibility":"","ast-main-header-display":"","ast-hfb-above-header-display":"","ast-hfb-below-header-display":"","ast-hfb-mobile-header-display":"","site-post-title":"","ast-breadcrumbs-content":"","ast-featured-img":"","footer-sml-layout":"","ast-disable-related-posts":"","theme-transparent-header-meta":"","adv-header-id-meta":"","stick-header-meta":"","header-above-stick-meta":"","header-main-stick-meta":"","header-below-stick-meta":"","astra-migrate-meta-layouts":"set","ast-page-background-enabled":"default","ast-page-background-meta":{"desktop":{"background-color":"var(--ast-global-color-4)","background-image":"","background-repeat":"repeat","background-position":"center center","background-size":"auto","background-attachment":"scroll","background-type":"","background-media":"","overlay-type":"","overlay-color":"","overlay-opacity":"","overlay-gradient":""},"tablet":{"background-color":"","background-image":"","background-repeat":"repeat","background-position":"center center","background-size":"auto","background-attachment":"scroll","background-type":"","background-media":"","overlay-type":"","overlay-color":"","overlay-opacity":"","overlay-gradient":""},"mobile":{"background-color":"","background-image":"","background-repeat":"repeat","background-position":"center center","background-size":"auto","background-attachment":"scroll","background-type":"","background-media":"","overlay-type":"","overlay-color":"","overlay-opacity":"","overlay-gradient":""}},"ast-content-background-meta":{"desktop":{"background-color":"var(--ast-global-color-5)","background-image":"","background-repeat":"repeat","background-position":"center center","background-size":"auto","background-attachment":"scroll","background-type":"","background-media":"","overlay-type":"","overlay-color":"","overlay-opacity":"","overlay-gradient":""},"tablet":{"background-color":"var(--ast-global-color-5)","background-image":"","background-repeat":"repeat","background-position":"center center","background-size":"auto","background-attachment":"scroll","background-type":"","background-media":"","overlay-type":"","overlay-color":"","overlay-opacity":"","overlay-gradient":""},"mobile":{"background-color":"var(--ast-global-color-5)","background-image":"","background-repeat":"repeat","background-position":"center center","background-size":"auto","background-attachment":"scroll","background-type":"","background-media":"","overlay-type":"","overlay-color":"","overlay-opacity":"","overlay-gradient":""}},"footnotes":""},"class_list":["post-139","page","type-page","status-publish","hentry"],"uagb_featured_image_src":{"full":false,"thumbnail":false,"medium":false,"medium_large":false,"large":false,"1536x1536":false,"2048x2048":false,"trp-custom-language-flag":false},"uagb_author_info":{"display_name":"Beat Bachmann","author_link":"https:\/\/energieberatung-seeland.ch\/fr_ch\/author\/lehnherre\/"},"uagb_comment_info":0,"uagb_excerpt":"Die Energieberatungsstelle Seeland ber\u00e4t Privatpersonen, Gemeinden und Unternehmen rund um das Thema Energie \u2013 neutral, unabh\u00e4ngig und zielf\u00fchrend. Wir beraten Sie telefonisch, per E-Mail, Videokonferenz, vor Ort in unserem Sitzungszimmer in Biel\/Bienne (gegen vorg\u00e4ngige Terminvereinbarung) als auch bei Ihnen vor Ort (gegen eine Geb\u00fchr, siehe Angebot). Dazu analysieren wir Ihr Haus, Ihre Wohnung oder Ihre\u2026","_links":{"self":[{"href":"https:\/\/energieberatung-seeland.ch\/fr_ch\/wp-json\/wp\/v2\/pages\/139","targetHints":{"allow":["GET"]}}],"collection":[{"href":"https:\/\/energieberatung-seeland.ch\/fr_ch\/wp-json\/wp\/v2\/pages"}],"about":[{"href":"https:\/\/energieberatung-seeland.ch\/fr_ch\/wp-json\/wp\/v2\/types\/page"}],"author":[{"embeddable":true,"href":"https:\/\/energieberatung-seeland.ch\/fr_ch\/wp-json\/wp\/v2\/users\/2"}],"replies":[{"embeddable":true,"href":"https:\/\/energieberatung-seeland.ch\/fr_ch\/wp-json\/wp\/v2\/comments?post=139"}],"version-history":[{"count":105,"href":"https:\/\/energieberatung-seeland.ch\/fr_ch\/wp-json\/wp\/v2\/pages\/139\/revisions"}],"predecessor-version":[{"id":1837,"href":"https:\/\/energieberatung-seeland.ch\/fr_ch\/wp-json\/wp\/v2\/pages\/139\/revisions\/1837"}],"wp:attachment":[{"href":"https:\/\/energieberatung-seeland.ch\/fr_ch\/wp-json\/wp\/v2\/media?parent=139"}],"curies":[{"name":"wp","href":"https:\/\/api.w.org\/{rel}","templated":true}]}}