{"id":643,"date":"2024-04-08T11:18:42","date_gmt":"2024-04-08T09:18:42","guid":{"rendered":"https:\/\/energieberatung-seeland.ch\/?page_id=643"},"modified":"2025-02-10T10:59:43","modified_gmt":"2025-02-10T09:59:43","slug":"photovoltaik-und-solarthermie","status":"publish","type":"page","link":"https:\/\/energieberatung-seeland.ch\/fr_ch\/photovoltaik-und-solarthermie\/","title":{"rendered":"Photovolta\u00efque &amp; capteurs solaires"},"content":{"rendered":"<p>Il est possible de produire de l'\u00e9lectricit\u00e9 ou de la chaleur \u00e0 partir de l'\u00e9nergie solaire sur son propre toit. Vous envisagez de faire installer un syst\u00e8me solaire et\/ou vous cherchez des informations sur ce th\u00e8me ? Vous trouverez ci-dessous divers documents et liens qui pourront vous aider dans votre d\u00e9marche. <\/p>\n\n\n\n<p>Nous avons \u00e9labor\u00e9 pour vous une fiche d'information sur les communaut\u00e9s locales d'\u00e9lectricit\u00e9 (CEL) et les RCPvirtuels (vRCP), sur laquelle figurent les principales informations (\u00e0 droite des liens).<\/p>\n\n\n\n<div class=\"wp-block-media-text has-media-on-the-right is-stacked-on-mobile\" style=\"grid-template-columns:auto 22%\"><div class=\"wp-block-media-text__content\">\n<p><strong>Liens utiles : <\/strong><\/p>\n\n\n\n<ul class=\"wp-block-list\">\n<li><a href=\"https:\/\/www.uvek-gis.admin.ch\/BFE\/sonnendach\/?lang=fr\" target=\"_blank\" rel=\"noreferrer noopener\">Combien d'\u00e9lectricit\u00e9 ou de chaleur est-il possible de produire sur mon toit?<\/a><\/li>\n\n\n\n<li><a href=\"https:\/\/www.denkmalpflege.apps.be.ch\/fr\/collection\/\" target=\"_blank\" rel=\"noreferrer noopener\">Mon b\u00e2timent est-il class\u00e9 monument historique ?<\/a> (Inventaire architectural en ligne)<\/li>\n\n\n\n<li><a href=\"https:\/\/www.swissolar.ch\/fr\/services\/trouver-des-professionnels\/rechercher-un-pro-du-solaire?locale=fr&amp;onlySolarProfi=true#view=list\" target=\"_blank\" rel=\"noreferrer noopener\">Rechercher un Pro du Solaire de SWISSOLAR<\/a><\/li>\n\n\n\n<li><a href=\"https:\/\/www.vese.ch\/fr\/pvtarif\/\" target=\"_blank\" rel=\"noreferrer noopener\">R\u00e9tribution de l'\u00e9lectricit\u00e9 produite dans votre commune<\/a><\/li>\n\n\n\n<li><a href=\"https:\/\/pronovo.ch\/fr\/services\/tarificateur\/\" target=\"_blank\" rel=\"noreferrer noopener\">Calculer la subvention pour votre installation photovolta\u00efque<\/a> (Pronovo)<\/li>\n\n\n\n<li><a href=\"https:\/\/www.kollektorliste.online\/\" target=\"_blank\" rel=\"noreferrer noopener\">Calculer la subvention pour votre installation solaire thermique<\/a> (Liste des capteurs)<\/li>\n\n\n\n<li><a href=\"https:\/\/www.plateformesolaireseeland.ch\/bon-a-savoir\/programmes-de-promotion\/\" target=\"_blank\" rel=\"noreferrer noopener\">Programmes d'encouragement des communes du Seeland<\/a> (photovolta\u00efque, solaire thermique, stockage par batterie)<\/li>\n\n\n\n<li><a href=\"https:\/\/www.suisseenergie.ch\/tools\/calculateur-solaire\/?pk_vid=cdacd5a72c4252c417133557436c60a2\" target=\"_blank\" rel=\"noreferrer noopener\">Calculateur de co\u00fbts et d'utilit\u00e9 pour votre installation solaire<\/a> de suisse\u00e9nergie<\/li>\n\n\n\n<li><a href=\"https:\/\/www.suisseenergie.ch\/tools\/check-devis-solaire\/?pk_vid=cdacd5a72c4252c417133558296c60a2\" target=\"_blank\" rel=\"noreferrer noopener\">Check-devis-solaire<\/a> de suisse\u00e9nergie<\/li>\n\n\n\n<li><a href=\"https:\/\/www.swissolar.ch\/fr\" target=\"_blank\" rel=\"noreferrer noopener\">Page d'accueil de SWISSOLAR<\/a> (Association suisse de l'\u00e9nergie solaire)<\/li>\n\n\n\n<li><a href=\"https:\/\/www.plateformesolaireseeland.ch\/\" target=\"_blank\" rel=\"noreferrer noopener\">R\u00e9gion solaire Seeland<\/a><\/li>\n\n\n\n<li><a href=\"https:\/\/www.plateformesolaireseeland.ch\/bon-a-savoir\/monitoring-solaire\/\" target=\"_blank\" rel=\"noreferrer noopener\">L'\u00e9nergie solaire dans le Seeland<\/a> (Monitoring solaire)<\/li>\n\n\n\n<li><a href=\"https:\/\/www.bkw.ch\/fr\/batiment\/produire-sa-propre-electricite\/regroupement-dans-le-cadre-de-la-consommation-propre-rcp\/rcpv\/regroupement-dans-le-cadre-de-la-consommation-propre-enregistrer-modifier-ou-resilier\" target=\"_blank\" rel=\"noreferrer noopener\">BKW: RCP\/RCPv enregistrer, modifier ou r\u00e9silier<\/a><\/li>\n<\/ul>\n<\/div><figure class=\"wp-block-media-text__media\"><a href=\"https:\/\/energieberatung-seeland.ch\/wp-content\/uploads\/2025\/01\/EBS_Factsheet_revidiertes_Stromgesetz_Juli24_fr.pdf\" target=\"_blank\" rel=\" noreferrer noopener\"><img fetchpriority=\"high\" decoding=\"async\" width=\"724\" height=\"1024\" src=\"https:\/\/energieberatung-seeland.ch\/wp-content\/uploads\/2025\/01\/EBS_Factsheet_revidiertes_Stromgesetz_Juli24_fr-1_page-0001-scaled.jpg\" alt=\"\" class=\"wp-image-1549 size-full\" srcset=\"https:\/\/energieberatung-seeland.ch\/wp-content\/uploads\/2025\/01\/EBS_Factsheet_revidiertes_Stromgesetz_Juli24_fr-1_page-0001-scaled.jpg 1811w, https:\/\/energieberatung-seeland.ch\/wp-content\/uploads\/2025\/01\/EBS_Factsheet_revidiertes_Stromgesetz_Juli24_fr-1_page-0001-212x300.jpg 212w, https:\/\/energieberatung-seeland.ch\/wp-content\/uploads\/2025\/01\/EBS_Factsheet_revidiertes_Stromgesetz_Juli24_fr-1_page-0001-724x1024.jpg 724w, https:\/\/energieberatung-seeland.ch\/wp-content\/uploads\/2025\/01\/EBS_Factsheet_revidiertes_Stromgesetz_Juli24_fr-1_page-0001-768x1086.jpg 768w, https:\/\/energieberatung-seeland.ch\/wp-content\/uploads\/2025\/01\/EBS_Factsheet_revidiertes_Stromgesetz_Juli24_fr-1_page-0001-1086x1536.jpg 1086w, https:\/\/energieberatung-seeland.ch\/wp-content\/uploads\/2025\/01\/EBS_Factsheet_revidiertes_Stromgesetz_Juli24_fr-1_page-0001-1449x2048.jpg 1449w, https:\/\/energieberatung-seeland.ch\/wp-content\/uploads\/2025\/01\/EBS_Factsheet_revidiertes_Stromgesetz_Juli24_fr-1_page-0001-8x12.jpg 8w\" sizes=\"(max-width: 724px) 100vw, 724px\" \/><\/a><\/figure><\/div>\n\n\n\n<div class=\"wp-block-uagb-container uagb-block-c7843920 alignfull uagb-is-root-container\"><div class=\"uagb-container-inner-blocks-wrap\">\n<div class=\"wp-block-uagb-container uagb-block-6a825eb0\">\n<div class=\"wp-block-uagb-image uagb-block-8bfcd79f wp-block-uagb-image--layout-default wp-block-uagb-image--effect-static wp-block-uagb-image--align-none\"><figure class=\"wp-block-uagb-image__figure\"><a class=\"\" href=\"https:\/\/energieberatung-seeland.ch\/wp-content\/uploads\/2024\/04\/Guide-relatif-a-la-procedure-dannoncement-et-dautorisation.pdf\" target=\"_blank\" rel=\"noreferrer noopener\"><img loading=\"lazy\" decoding=\"async\" srcset=\"https:\/\/energieberatung-seeland.ch\/wp-content\/uploads\/2024\/04\/Guide-relatif-a-la-procedure-dannoncement-et-dautorisation-1_page-0001-scaled.jpg 1810w, https:\/\/energieberatung-seeland.ch\/wp-content\/uploads\/2024\/04\/Guide-relatif-a-la-procedure-dannoncement-et-dautorisation-1_page-0001-212x300.jpg 212w, https:\/\/energieberatung-seeland.ch\/wp-content\/uploads\/2024\/04\/Guide-relatif-a-la-procedure-dannoncement-et-dautorisation-1_page-0001-724x1024.jpg 724w, https:\/\/energieberatung-seeland.ch\/wp-content\/uploads\/2024\/04\/Guide-relatif-a-la-procedure-dannoncement-et-dautorisation-1_page-0001-768x1086.jpg 768w, https:\/\/energieberatung-seeland.ch\/wp-content\/uploads\/2024\/04\/Guide-relatif-a-la-procedure-dannoncement-et-dautorisation-1_page-0001-1086x1536.jpg 1086w, https:\/\/energieberatung-seeland.ch\/wp-content\/uploads\/2024\/04\/Guide-relatif-a-la-procedure-dannoncement-et-dautorisation-1_page-0001-1448x2048.jpg 1448w, https:\/\/energieberatung-seeland.ch\/wp-content\/uploads\/2024\/04\/Guide-relatif-a-la-procedure-dannoncement-et-dautorisation-1_page-0001-8x12.jpg 8w\" sizes=\"auto, (max-width: 480px) 150px\" src=\"https:\/\/energieberatung-seeland.ch\/wp-content\/uploads\/2024\/04\/Guide-relatif-a-la-procedure-dannoncement-et-dautorisation-1_page-0001-scaled.jpg\" alt=\"Leitfaden zum Melde- und Bewilligungsverfahren von Solaranlagen\" class=\"uag-image-717\" width=\"724\" height=\"1024\" title=\"Guide relatif \u00e0 la proc\u00e9dure d&#039;annoncement et d&#039;autorisation\" role=\"img\"\/><\/a><\/figure><\/div>\n<\/div>\n\n\n\n<div class=\"wp-block-uagb-container uagb-block-3e7883b3\">\n<div class=\"wp-block-uagb-image uagb-block-0f63843f wp-block-uagb-image--layout-default wp-block-uagb-image--effect-static wp-block-uagb-image--align-none\"><figure class=\"wp-block-uagb-image__figure\"><a class=\"\" href=\"https:\/\/energieberatung-seeland.ch\/wp-content\/uploads\/2024\/04\/Toitures-vegetalisees-et-installations-denergie-solaire.pdf\" target=\"_blank\" rel=\"noreferrer noopener\"><img loading=\"lazy\" decoding=\"async\" srcset=\"https:\/\/energieberatung-seeland.ch\/wp-content\/uploads\/2024\/04\/Toitures-vegetalisees-et-installations-denergie-solaire-1_page-0001-scaled.jpg 1811w, https:\/\/energieberatung-seeland.ch\/wp-content\/uploads\/2024\/04\/Toitures-vegetalisees-et-installations-denergie-solaire-1_page-0001-212x300.jpg 212w, https:\/\/energieberatung-seeland.ch\/wp-content\/uploads\/2024\/04\/Toitures-vegetalisees-et-installations-denergie-solaire-1_page-0001-724x1024.jpg 724w, https:\/\/energieberatung-seeland.ch\/wp-content\/uploads\/2024\/04\/Toitures-vegetalisees-et-installations-denergie-solaire-1_page-0001-768x1086.jpg 768w, https:\/\/energieberatung-seeland.ch\/wp-content\/uploads\/2024\/04\/Toitures-vegetalisees-et-installations-denergie-solaire-1_page-0001-1086x1536.jpg 1086w, https:\/\/energieberatung-seeland.ch\/wp-content\/uploads\/2024\/04\/Toitures-vegetalisees-et-installations-denergie-solaire-1_page-0001-1448x2048.jpg 1448w, https:\/\/energieberatung-seeland.ch\/wp-content\/uploads\/2024\/04\/Toitures-vegetalisees-et-installations-denergie-solaire-1_page-0001-8x12.jpg 8w\" sizes=\"auto, (max-width: 480px) 150px\" src=\"https:\/\/energieberatung-seeland.ch\/wp-content\/uploads\/2024\/04\/Toitures-vegetalisees-et-installations-denergie-solaire-1_page-0001-scaled.jpg\" alt=\"Dachbegr\u00fcnung und Solarenergieanlagen\" class=\"uag-image-733\" width=\"290\" height=\"411\" title=\"Toitures v\u00e9g\u00e9talis\u00e9es et installations d&#039;\u00e9nergie solaire\" role=\"img\"\/><\/a><\/figure><\/div>\n<\/div>\n\n\n\n<div class=\"wp-block-uagb-container uagb-block-358d3200\">\n<div class=\"wp-block-uagb-image uagb-block-9cae0d1d wp-block-uagb-image--layout-default wp-block-uagb-image--effect-static wp-block-uagb-image--align-none\"><figure class=\"wp-block-uagb-image__figure\"><a class=\"\" href=\"https:\/\/energieberatung-seeland.ch\/wp-content\/uploads\/2024\/04\/Couts-dexploitation-des-installations-photovoltaiques-1_page-0001-scaled.jpg\" target=\"_blank\" rel=\"noreferrer noopener\"><img loading=\"lazy\" decoding=\"async\" srcset=\"https:\/\/energieberatung-seeland.ch\/wp-content\/uploads\/2024\/04\/Couts-dexploitation-des-installations-photovoltaiques-1_page-0001-scaled.jpg 1811w, https:\/\/energieberatung-seeland.ch\/wp-content\/uploads\/2024\/04\/Couts-dexploitation-des-installations-photovoltaiques-1_page-0001-212x300.jpg 212w, https:\/\/energieberatung-seeland.ch\/wp-content\/uploads\/2024\/04\/Couts-dexploitation-des-installations-photovoltaiques-1_page-0001-724x1024.jpg 724w, https:\/\/energieberatung-seeland.ch\/wp-content\/uploads\/2024\/04\/Couts-dexploitation-des-installations-photovoltaiques-1_page-0001-768x1086.jpg 768w, https:\/\/energieberatung-seeland.ch\/wp-content\/uploads\/2024\/04\/Couts-dexploitation-des-installations-photovoltaiques-1_page-0001-1086x1536.jpg 1086w, https:\/\/energieberatung-seeland.ch\/wp-content\/uploads\/2024\/04\/Couts-dexploitation-des-installations-photovoltaiques-1_page-0001-1448x2048.jpg 1448w, https:\/\/energieberatung-seeland.ch\/wp-content\/uploads\/2024\/04\/Couts-dexploitation-des-installations-photovoltaiques-1_page-0001-8x12.jpg 8w\" sizes=\"auto, (max-width: 480px) 150px\" src=\"https:\/\/energieberatung-seeland.ch\/wp-content\/uploads\/2024\/04\/Couts-dexploitation-des-installations-photovoltaiques-1_page-0001-scaled.jpg\" alt=\"Betriebskosten von Photovoltaikanlagen\" class=\"uag-image-746\" width=\"724\" height=\"1024\" title=\"Co\u00fbts d&#039;exploitation des installations photovolta\u00efques\" role=\"img\"\/><\/a><\/figure><\/div>\n<\/div>\n\n\n\n<div class=\"wp-block-uagb-container uagb-block-401d9327\">\n<div class=\"wp-block-uagb-image uagb-block-729f7653 wp-block-uagb-image--layout-default wp-block-uagb-image--effect-static wp-block-uagb-image--align-none\"><figure class=\"wp-block-uagb-image__figure\"><a class=\"\" href=\"https:\/\/energieberatung-seeland.ch\/wp-content\/uploads\/2024\/04\/Guide-pratique-de-la-consommation-propre.pdf\" target=\"_blank\" rel=\"noreferrer noopener\"><img loading=\"lazy\" decoding=\"async\" srcset=\"https:\/\/energieberatung-seeland.ch\/wp-content\/uploads\/2024\/04\/Guide-pratique-de-la-consommation-propre-1_page-0001-scaled.jpg 1810w, https:\/\/energieberatung-seeland.ch\/wp-content\/uploads\/2024\/04\/Guide-pratique-de-la-consommation-propre-1_page-0001-212x300.jpg 212w, https:\/\/energieberatung-seeland.ch\/wp-content\/uploads\/2024\/04\/Guide-pratique-de-la-consommation-propre-1_page-0001-724x1024.jpg 724w, https:\/\/energieberatung-seeland.ch\/wp-content\/uploads\/2024\/04\/Guide-pratique-de-la-consommation-propre-1_page-0001-768x1086.jpg 768w, https:\/\/energieberatung-seeland.ch\/wp-content\/uploads\/2024\/04\/Guide-pratique-de-la-consommation-propre-1_page-0001-1086x1536.jpg 1086w, https:\/\/energieberatung-seeland.ch\/wp-content\/uploads\/2024\/04\/Guide-pratique-de-la-consommation-propre-1_page-0001-1448x2048.jpg 1448w, https:\/\/energieberatung-seeland.ch\/wp-content\/uploads\/2024\/04\/Guide-pratique-de-la-consommation-propre-1_page-0001-8x12.jpg 8w\" sizes=\"auto, (max-width: 480px) 150px\" src=\"https:\/\/energieberatung-seeland.ch\/wp-content\/uploads\/2024\/04\/Guide-pratique-de-la-consommation-propre-1_page-0001-scaled.jpg\" alt=\"Leitfaden_Eigenverbrauch und ZEV\" class=\"uag-image-759\" width=\"284\" height=\"401\" title=\"Guide pratique de la consommation propre\" role=\"img\"\/><\/a><\/figure><\/div>\n<\/div>\n\n\n\n<div class=\"wp-block-uagb-container uagb-block-10916170\">\n<div class=\"wp-block-uagb-image uagb-block-17cba3d3 wp-block-uagb-image--layout-default wp-block-uagb-image--effect-static wp-block-uagb-image--align-none\"><figure class=\"wp-block-uagb-image__figure\"><a class=\"\" href=\"https:\/\/energieberatung-seeland.ch\/wp-content\/uploads\/2024\/04\/Consommation-propre-de-courant-solaire.pdf\" target=\"_blank\" rel=\"noreferrer noopener\"><img loading=\"lazy\" decoding=\"async\" srcset=\"https:\/\/energieberatung-seeland.ch\/wp-content\/uploads\/2024\/04\/Consommation-propre-de-courant-solaire-1_page-0001.jpg 1749w, https:\/\/energieberatung-seeland.ch\/wp-content\/uploads\/2024\/04\/Consommation-propre-de-courant-solaire-1_page-0001-211x300.jpg 211w, https:\/\/energieberatung-seeland.ch\/wp-content\/uploads\/2024\/04\/Consommation-propre-de-courant-solaire-1_page-0001-722x1024.jpg 722w, https:\/\/energieberatung-seeland.ch\/wp-content\/uploads\/2024\/04\/Consommation-propre-de-courant-solaire-1_page-0001-768x1089.jpg 768w, https:\/\/energieberatung-seeland.ch\/wp-content\/uploads\/2024\/04\/Consommation-propre-de-courant-solaire-1_page-0001-1083x1536.jpg 1083w, https:\/\/energieberatung-seeland.ch\/wp-content\/uploads\/2024\/04\/Consommation-propre-de-courant-solaire-1_page-0001-1444x2048.jpg 1444w, https:\/\/energieberatung-seeland.ch\/wp-content\/uploads\/2024\/04\/Consommation-propre-de-courant-solaire-1_page-0001-8x12.jpg 8w\" sizes=\"auto, (max-width: 480px) 150px\" src=\"https:\/\/energieberatung-seeland.ch\/wp-content\/uploads\/2024\/04\/Consommation-propre-de-courant-solaire-1_page-0001.jpg\" alt=\"Solarstrom Eigenverbrauch\" class=\"uag-image-766\" width=\"722\" height=\"1024\" title=\"Consommation propre de courant solaire\" role=\"img\"\/><\/a><\/figure><\/div>\n<\/div>\n\n\n\n<div class=\"wp-block-uagb-container uagb-block-8eedc25a\">\n<div class=\"wp-block-uagb-image uagb-block-e568a981 wp-block-uagb-image--layout-default wp-block-uagb-image--effect-static wp-block-uagb-image--align-none\"><figure class=\"wp-block-uagb-image__figure\"><a class=\"\" href=\"https:\/\/energieberatung-seeland.ch\/wp-content\/uploads\/2024\/04\/Comment-optimiser-la-consommation-propre-de-courant-solaire.pdf\" target=\"_blank\" rel=\"noreferrer noopener\"><img loading=\"lazy\" decoding=\"async\" srcset=\"https:\/\/energieberatung-seeland.ch\/wp-content\/uploads\/2024\/04\/9323-ECH-805.529-Solarstrom-EV-FR-Web-1_page-0001-1-scaled.jpg 1811w, https:\/\/energieberatung-seeland.ch\/wp-content\/uploads\/2024\/04\/9323-ECH-805.529-Solarstrom-EV-FR-Web-1_page-0001-1-212x300.jpg 212w, https:\/\/energieberatung-seeland.ch\/wp-content\/uploads\/2024\/04\/9323-ECH-805.529-Solarstrom-EV-FR-Web-1_page-0001-1-724x1024.jpg 724w, https:\/\/energieberatung-seeland.ch\/wp-content\/uploads\/2024\/04\/9323-ECH-805.529-Solarstrom-EV-FR-Web-1_page-0001-1-768x1086.jpg 768w, https:\/\/energieberatung-seeland.ch\/wp-content\/uploads\/2024\/04\/9323-ECH-805.529-Solarstrom-EV-FR-Web-1_page-0001-1-1086x1536.jpg 1086w, https:\/\/energieberatung-seeland.ch\/wp-content\/uploads\/2024\/04\/9323-ECH-805.529-Solarstrom-EV-FR-Web-1_page-0001-1-1448x2048.jpg 1448w, https:\/\/energieberatung-seeland.ch\/wp-content\/uploads\/2024\/04\/9323-ECH-805.529-Solarstrom-EV-FR-Web-1_page-0001-1-8x12.jpg 8w\" sizes=\"auto, (max-width: 480px) 150px\" src=\"https:\/\/energieberatung-seeland.ch\/wp-content\/uploads\/2024\/04\/9323-ECH-805.529-Solarstrom-EV-FR-Web-1_page-0001-1-scaled.jpg\" alt=\"Solarstrom-Eigenverbrauch optimieren\" class=\"uag-image-770\" width=\"724\" height=\"1024\" title=\"Comment optimiser la consommation propre de courant solaire\" role=\"img\"\/><\/a><\/figure><\/div>\n<\/div>\n<\/div><\/div>\n\n\n\n<p><\/p>\n\n\n\n<p><\/p>\n\n\n\n<p><\/p>\n\n\n\n<p><\/p>\n\n\n\n<p><\/p>\n\n\n\n<p><\/p>\n\n\n\n<p><\/p>\n\n\n\n<p><\/p>","protected":false},"excerpt":{"rendered":"<p>Auf dem eigenen Dach l\u00e4sst sich Strom oder W\u00e4rme aus Sonnenenergie herstellen. \u00dcberlegen Sie sich, eine Solaranlage installieren zu lassen und\/oder suchen Sie nach Informationen zu diesem Themenbereich? Untenstehend finden Sie diverse Dokumente und Links, die Sie dabei unterst\u00fctzen k\u00f6nnen. Zum Thema Lokale Elektrizit\u00e4tsgemeinschaften (LEG) und virtuelle ZEV (vZEV) haben wir f\u00fcr Sie ein Faktenblatt [&hellip;]<\/p>\n","protected":false},"author":2,"featured_media":0,"parent":0,"menu_order":0,"comment_status":"closed","ping_status":"closed","template":"","meta":{"_uag_custom_page_level_css":"","site-sidebar-layout":"default","site-content-layout":"","ast-site-content-layout":"default","site-content-style":"default","site-sidebar-style":"default","ast-global-header-display":"","ast-banner-title-visibility":"","ast-main-header-display":"","ast-hfb-above-header-display":"","ast-hfb-below-header-display":"","ast-hfb-mobile-header-display":"","site-post-title":"","ast-breadcrumbs-content":"","ast-featured-img":"","footer-sml-layout":"","ast-disable-related-posts":"","theme-transparent-header-meta":"","adv-header-id-meta":"","stick-header-meta":"","header-above-stick-meta":"","header-main-stick-meta":"","header-below-stick-meta":"","astra-migrate-meta-layouts":"set","ast-page-background-enabled":"default","ast-page-background-meta":{"desktop":{"background-color":"var(--ast-global-color-4)","background-image":"","background-repeat":"repeat","background-position":"center center","background-size":"auto","background-attachment":"scroll","background-type":"","background-media":"","overlay-type":"","overlay-color":"","overlay-opacity":"","overlay-gradient":""},"tablet":{"background-color":"","background-image":"","background-repeat":"repeat","background-position":"center center","background-size":"auto","background-attachment":"scroll","background-type":"","background-media":"","overlay-type":"","overlay-color":"","overlay-opacity":"","overlay-gradient":""},"mobile":{"background-color":"","background-image":"","background-repeat":"repeat","background-position":"center center","background-size":"auto","background-attachment":"scroll","background-type":"","background-media":"","overlay-type":"","overlay-color":"","overlay-opacity":"","overlay-gradient":""}},"ast-content-background-meta":{"desktop":{"background-color":"var(--ast-global-color-5)","background-image":"","background-repeat":"repeat","background-position":"center center","background-size":"auto","background-attachment":"scroll","background-type":"","background-media":"","overlay-type":"","overlay-color":"","overlay-opacity":"","overlay-gradient":""},"tablet":{"background-color":"var(--ast-global-color-5)","background-image":"","background-repeat":"repeat","background-position":"center center","background-size":"auto","background-attachment":"scroll","background-type":"","background-media":"","overlay-type":"","overlay-color":"","overlay-opacity":"","overlay-gradient":""},"mobile":{"background-color":"var(--ast-global-color-5)","background-image":"","background-repeat":"repeat","background-position":"center center","background-size":"auto","background-attachment":"scroll","background-type":"","background-media":"","overlay-type":"","overlay-color":"","overlay-opacity":"","overlay-gradient":""}},"footnotes":""},"class_list":["post-643","page","type-page","status-publish","hentry"],"uagb_featured_image_src":{"full":false,"thumbnail":false,"medium":false,"medium_large":false,"large":false,"1536x1536":false,"2048x2048":false,"trp-custom-language-flag":false},"uagb_author_info":{"display_name":"Beat Bachmann","author_link":"https:\/\/energieberatung-seeland.ch\/fr_ch\/author\/lehnherre\/"},"uagb_comment_info":0,"uagb_excerpt":"Auf dem eigenen Dach l\u00e4sst sich Strom oder W\u00e4rme aus Sonnenenergie herstellen. \u00dcberlegen Sie sich, eine Solaranlage installieren zu lassen und\/oder suchen Sie nach Informationen zu diesem Themenbereich? Untenstehend finden Sie diverse Dokumente und Links, die Sie dabei unterst\u00fctzen k\u00f6nnen. Zum Thema Lokale Elektrizit\u00e4tsgemeinschaften (LEG) und virtuelle ZEV (vZEV) haben wir f\u00fcr Sie ein Faktenblatt\u2026","_links":{"self":[{"href":"https:\/\/energieberatung-seeland.ch\/fr_ch\/wp-json\/wp\/v2\/pages\/643","targetHints":{"allow":["GET"]}}],"collection":[{"href":"https:\/\/energieberatung-seeland.ch\/fr_ch\/wp-json\/wp\/v2\/pages"}],"about":[{"href":"https:\/\/energieberatung-seeland.ch\/fr_ch\/wp-json\/wp\/v2\/types\/page"}],"author":[{"embeddable":true,"href":"https:\/\/energieberatung-seeland.ch\/fr_ch\/wp-json\/wp\/v2\/users\/2"}],"replies":[{"embeddable":true,"href":"https:\/\/energieberatung-seeland.ch\/fr_ch\/wp-json\/wp\/v2\/comments?post=643"}],"version-history":[{"count":22,"href":"https:\/\/energieberatung-seeland.ch\/fr_ch\/wp-json\/wp\/v2\/pages\/643\/revisions"}],"predecessor-version":[{"id":1564,"href":"https:\/\/energieberatung-seeland.ch\/fr_ch\/wp-json\/wp\/v2\/pages\/643\/revisions\/1564"}],"wp:attachment":[{"href":"https:\/\/energieberatung-seeland.ch\/fr_ch\/wp-json\/wp\/v2\/media?parent=643"}],"curies":[{"name":"wp","href":"https:\/\/api.w.org\/{rel}","templated":true}]}}