{"id":989,"date":"2024-04-22T16:31:40","date_gmt":"2024-04-22T14:31:40","guid":{"rendered":"https:\/\/energieberatung-seeland.ch\/?page_id=989"},"modified":"2024-05-16T08:19:47","modified_gmt":"2024-05-16T06:19:47","slug":"gebaeudehuelle","status":"publish","type":"page","link":"https:\/\/energieberatung-seeland.ch\/fr_ch\/gebaeudehuelle\/","title":{"rendered":"Enveloppe du b\u00e2timent &amp; R\u00e9novation"},"content":{"rendered":"<p>L'enveloppe du b\u00e2timent se compose g\u00e9n\u00e9ralement du sol de la cave, des murs ext\u00e9rieurs et des fen\u00eatres, ainsi que du toit ou du grenier. Ce sont les parties du b\u00e2timent par lesquelles l'\u00e9nergie peut s'\u00e9chapper, ce qui entra\u00eene des d\u00e9perditions de chaleur. Des mesures judicieuses et, si n\u00e9cessaire, un assainissement complet permettent de r\u00e9duire la consommation d'\u00e9nergie, ce qui se r\u00e9percute \u00e9galement sur les co\u00fbts. Vous trouverez ci-dessous quelques liens et guides sur le th\u00e8me de l'enveloppe du b\u00e2timent \/ de l'assainissement.<\/p>\n\n\n\n<ul class=\"wp-block-list\">\n<li><a href=\"https:\/\/www.cecb.ch\/\" target=\"_blank\" rel=\"noreferrer noopener\">Le Certificat \u00e9nerg\u00e9tique cantonal des b\u00e2timents<\/a> (CECB)<\/li>\n\n\n\n<li><a href=\"https:\/\/www.cecb.ch\/expertes\/trouver-des-expertes\/\" target=\"_blank\" rel=\"noreferrer noopener\">Trouver des CECB-expertes ou CECB-experts<\/a><\/li>\n\n\n\n<li><a href=\"https:\/\/www.minergie.ch\/fr\/\" target=\"_blank\" rel=\"noreferrer noopener\">Minergie<\/a><\/li>\n<\/ul>\n\n\n\n<div class=\"wp-block-uagb-container uagb-block-f0c8a6fb alignfull uagb-is-root-container\"><div class=\"uagb-container-inner-blocks-wrap\">\n<div class=\"wp-block-uagb-container uagb-block-7cfc51e9\">\n<div class=\"wp-block-uagb-image uagb-block-b8df9f05 wp-block-uagb-image--layout-default wp-block-uagb-image--effect-static wp-block-uagb-image--align-none\"><figure class=\"wp-block-uagb-image__figure\"><a class=\"\" href=\"https:\/\/energieberatung-seeland.ch\/wp-content\/uploads\/2024\/04\/Renovation-des-batiments-maison-individuelle.pdf\" target=\"_blank\" rel=\"noreferrer noopener\"><img loading=\"lazy\" decoding=\"async\" srcset=\"https:\/\/energieberatung-seeland.ch\/wp-content\/uploads\/2024\/04\/Renovation-des-batiments-maison-individuelle-1_page-0001.jpg 1241w, https:\/\/energieberatung-seeland.ch\/wp-content\/uploads\/2024\/04\/Renovation-des-batiments-maison-individuelle-1_page-0001-150x300.jpg 150w, https:\/\/energieberatung-seeland.ch\/wp-content\/uploads\/2024\/04\/Renovation-des-batiments-maison-individuelle-1_page-0001-512x1024.jpg 512w, https:\/\/energieberatung-seeland.ch\/wp-content\/uploads\/2024\/04\/Renovation-des-batiments-maison-individuelle-1_page-0001-768x1536.jpg 768w, https:\/\/energieberatung-seeland.ch\/wp-content\/uploads\/2024\/04\/Renovation-des-batiments-maison-individuelle-1_page-0001-1024x2048.jpg 1024w, https:\/\/energieberatung-seeland.ch\/wp-content\/uploads\/2024\/04\/Renovation-des-batiments-maison-individuelle-1_page-0001-6x12.jpg 6w\" sizes=\"auto, (max-width: 480px) 150px\" src=\"https:\/\/energieberatung-seeland.ch\/wp-content\/uploads\/2024\/04\/Renovation-des-batiments-maison-individuelle-1_page-0001.jpg\" alt=\"Geb\u00e4ude erneuern Energieverbrauch halbieren EFH\" class=\"uag-image-920\" width=\"284\" height=\"568\" title=\"R\u00e9novation des b\u00e2timents maison individuelle\" role=\"img\"\/><\/a><\/figure><\/div>\n<\/div>\n\n\n\n<div class=\"wp-block-uagb-container uagb-block-dc630f57\">\n<div class=\"wp-block-uagb-image uagb-block-f740e635 wp-block-uagb-image--layout-default wp-block-uagb-image--effect-static wp-block-uagb-image--align-none\"><figure class=\"wp-block-uagb-image__figure\"><a class=\"\" href=\"https:\/\/energieberatung-seeland.ch\/wp-content\/uploads\/2024\/04\/Renovation-energetique-immeubles-locatifs.pdf\" target=\"_blank\" rel=\"noreferrer noopener\"><img loading=\"lazy\" decoding=\"async\" srcset=\"https:\/\/energieberatung-seeland.ch\/wp-content\/uploads\/2024\/04\/Renovation-energetique-immeubles-locatifs-1_page-0001.jpg 1241w, https:\/\/energieberatung-seeland.ch\/wp-content\/uploads\/2024\/04\/Renovation-energetique-immeubles-locatifs-1_page-0001-150x300.jpg 150w, https:\/\/energieberatung-seeland.ch\/wp-content\/uploads\/2024\/04\/Renovation-energetique-immeubles-locatifs-1_page-0001-512x1024.jpg 512w, https:\/\/energieberatung-seeland.ch\/wp-content\/uploads\/2024\/04\/Renovation-energetique-immeubles-locatifs-1_page-0001-768x1536.jpg 768w, https:\/\/energieberatung-seeland.ch\/wp-content\/uploads\/2024\/04\/Renovation-energetique-immeubles-locatifs-1_page-0001-1024x2048.jpg 1024w, https:\/\/energieberatung-seeland.ch\/wp-content\/uploads\/2024\/04\/Renovation-energetique-immeubles-locatifs-1_page-0001-6x12.jpg 6w\" sizes=\"auto, (max-width: 480px) 150px\" src=\"https:\/\/energieberatung-seeland.ch\/wp-content\/uploads\/2024\/04\/Renovation-energetique-immeubles-locatifs-1_page-0001.jpg\" alt=\"MFH energetisch richtig erneuern\" class=\"uag-image-926\" width=\"512\" height=\"1024\" title=\"R\u00e9novation \u00e9nerg\u00e9tique immeubles locatifs\" role=\"img\"\/><\/a><\/figure><\/div>\n<\/div>\n\n\n\n<div class=\"wp-block-uagb-container uagb-block-d374fbb6\">\n<div class=\"wp-block-uagb-image uagb-block-abaf5eff wp-block-uagb-image--layout-default wp-block-uagb-image--effect-static wp-block-uagb-image--align-none\"><figure class=\"wp-block-uagb-image__figure\"><a class=\"\" href=\"https:\/\/energieberatung-seeland.ch\/wp-content\/uploads\/2024\/04\/Nouveaux-batiments-a-faibles-besoins-energetiques.pdf\" target=\"_blank\" rel=\"noreferrer noopener\"><img loading=\"lazy\" decoding=\"async\" srcset=\"https:\/\/energieberatung-seeland.ch\/wp-content\/uploads\/2024\/04\/Nouveaux-batiments-a-faibles-besoins-energetiques-1_page-0001.jpg 1241w, https:\/\/energieberatung-seeland.ch\/wp-content\/uploads\/2024\/04\/Nouveaux-batiments-a-faibles-besoins-energetiques-1_page-0001-150x300.jpg 150w, https:\/\/energieberatung-seeland.ch\/wp-content\/uploads\/2024\/04\/Nouveaux-batiments-a-faibles-besoins-energetiques-1_page-0001-512x1024.jpg 512w, https:\/\/energieberatung-seeland.ch\/wp-content\/uploads\/2024\/04\/Nouveaux-batiments-a-faibles-besoins-energetiques-1_page-0001-768x1536.jpg 768w, https:\/\/energieberatung-seeland.ch\/wp-content\/uploads\/2024\/04\/Nouveaux-batiments-a-faibles-besoins-energetiques-1_page-0001-1024x2048.jpg 1024w, https:\/\/energieberatung-seeland.ch\/wp-content\/uploads\/2024\/04\/Nouveaux-batiments-a-faibles-besoins-energetiques-1_page-0001-6x12.jpg 6w\" sizes=\"auto, (max-width: 480px) 150px\" src=\"https:\/\/energieberatung-seeland.ch\/wp-content\/uploads\/2024\/04\/Nouveaux-batiments-a-faibles-besoins-energetiques-1_page-0001.jpg\" alt=\"Neubauten mit tiefem Energiebedarf\" class=\"uag-image-956\" width=\"512\" height=\"1024\" title=\"Nouveaux b\u00e2timents \u00e0 faibles besoins \u00e9nerg\u00e9tiques\" role=\"img\"\/><\/a><\/figure><\/div>\n<\/div>\n\n\n\n<div class=\"wp-block-uagb-container uagb-block-19748116\">\n<div class=\"wp-block-uagb-image uagb-block-bb40b2a7 wp-block-uagb-image--layout-default wp-block-uagb-image--effect-static wp-block-uagb-image--align-none\"><figure class=\"wp-block-uagb-image__figure\"><a class=\"\" href=\"https:\/\/energieberatung-seeland.ch\/wp-content\/uploads\/2024\/04\/Renovation-energetique.pdf\" target=\"_blank\" rel=\"noreferrer noopener\"><img loading=\"lazy\" decoding=\"async\" srcset=\"https:\/\/energieberatung-seeland.ch\/wp-content\/uploads\/2024\/04\/Renovation-energetique-1_page-0001-scaled.jpg 1811w, https:\/\/energieberatung-seeland.ch\/wp-content\/uploads\/2024\/04\/Renovation-energetique-1_page-0001-212x300.jpg 212w, https:\/\/energieberatung-seeland.ch\/wp-content\/uploads\/2024\/04\/Renovation-energetique-1_page-0001-724x1024.jpg 724w, https:\/\/energieberatung-seeland.ch\/wp-content\/uploads\/2024\/04\/Renovation-energetique-1_page-0001-768x1086.jpg 768w, https:\/\/energieberatung-seeland.ch\/wp-content\/uploads\/2024\/04\/Renovation-energetique-1_page-0001-1086x1536.jpg 1086w, https:\/\/energieberatung-seeland.ch\/wp-content\/uploads\/2024\/04\/Renovation-energetique-1_page-0001-1448x2048.jpg 1448w, https:\/\/energieberatung-seeland.ch\/wp-content\/uploads\/2024\/04\/Renovation-energetique-1_page-0001-8x12.jpg 8w\" sizes=\"auto, (max-width: 480px) 150px\" src=\"https:\/\/energieberatung-seeland.ch\/wp-content\/uploads\/2024\/04\/Renovation-energetique-1_page-0001-scaled.jpg\" alt=\"Energiegerecht sanieren\" class=\"uag-image-931\" width=\"724\" height=\"1024\" title=\"R\u00e9novation \u00e9nerg\u00e9tique\" role=\"img\"\/><\/a><\/figure><\/div>\n<\/div>\n\n\n\n<div class=\"wp-block-uagb-container uagb-block-55453294\">\n<div class=\"wp-block-uagb-image uagb-block-f6ae8927 wp-block-uagb-image--layout-default wp-block-uagb-image--effect-static wp-block-uagb-image--align-none\"><figure class=\"wp-block-uagb-image__figure\"><a class=\"\" href=\"https:\/\/energieberatung-seeland.ch\/wp-content\/uploads\/2024\/04\/CECB.pdf\" target=\"_blank\" rel=\"noreferrer noopener\"><img loading=\"lazy\" decoding=\"async\" srcset=\"https:\/\/energieberatung-seeland.ch\/wp-content\/uploads\/2024\/04\/CECB-1_page-0001-scaled.jpg 1811w, https:\/\/energieberatung-seeland.ch\/wp-content\/uploads\/2024\/04\/CECB-1_page-0001-212x300.jpg 212w, https:\/\/energieberatung-seeland.ch\/wp-content\/uploads\/2024\/04\/CECB-1_page-0001-724x1024.jpg 724w, https:\/\/energieberatung-seeland.ch\/wp-content\/uploads\/2024\/04\/CECB-1_page-0001-768x1086.jpg 768w, https:\/\/energieberatung-seeland.ch\/wp-content\/uploads\/2024\/04\/CECB-1_page-0001-1086x1536.jpg 1086w, https:\/\/energieberatung-seeland.ch\/wp-content\/uploads\/2024\/04\/CECB-1_page-0001-1448x2048.jpg 1448w, https:\/\/energieberatung-seeland.ch\/wp-content\/uploads\/2024\/04\/CECB-1_page-0001-8x12.jpg 8w\" sizes=\"auto, (max-width: 480px) 150px\" src=\"https:\/\/energieberatung-seeland.ch\/wp-content\/uploads\/2024\/04\/CECB-1_page-0001-scaled.jpg\" alt=\"GEAK\" class=\"uag-image-965\" width=\"724\" height=\"1024\" title=\"CECB\" role=\"img\"\/><\/a><\/figure><\/div>\n<\/div>\n\n\n\n<div class=\"wp-block-uagb-container uagb-block-72ca556c\">\n<div class=\"wp-block-uagb-image uagb-block-39f5c9fd wp-block-uagb-image--layout-default wp-block-uagb-image--effect-static wp-block-uagb-image--align-none\"><figure class=\"wp-block-uagb-image__figure\"><a class=\"\" href=\"https:\/\/energieberatung-seeland.ch\/wp-content\/uploads\/2024\/04\/Letiquette-energie-pour-les-fenetres.pdf\" target=\"_blank\" rel=\"noreferrer noopener\"><img loading=\"lazy\" decoding=\"async\" srcset=\"https:\/\/energieberatung-seeland.ch\/wp-content\/uploads\/2024\/04\/Letiquette-energie-pour-les-fenetres-1_page-0001.jpg 1241w, https:\/\/energieberatung-seeland.ch\/wp-content\/uploads\/2024\/04\/Letiquette-energie-pour-les-fenetres-1_page-0001-150x300.jpg 150w, https:\/\/energieberatung-seeland.ch\/wp-content\/uploads\/2024\/04\/Letiquette-energie-pour-les-fenetres-1_page-0001-512x1024.jpg 512w, https:\/\/energieberatung-seeland.ch\/wp-content\/uploads\/2024\/04\/Letiquette-energie-pour-les-fenetres-1_page-0001-768x1536.jpg 768w, https:\/\/energieberatung-seeland.ch\/wp-content\/uploads\/2024\/04\/Letiquette-energie-pour-les-fenetres-1_page-0001-1024x2048.jpg 1024w, https:\/\/energieberatung-seeland.ch\/wp-content\/uploads\/2024\/04\/Letiquette-energie-pour-les-fenetres-1_page-0001-6x12.jpg 6w\" sizes=\"auto, (max-width: 480px) 150px\" src=\"https:\/\/energieberatung-seeland.ch\/wp-content\/uploads\/2024\/04\/Letiquette-energie-pour-les-fenetres-1_page-0001.jpg\" alt=\"Energieetikette f\u00fcr Fenster\" class=\"uag-image-960\" width=\"512\" height=\"1024\" title=\"L&#039;\u00e9tiquette-\u00e9nergie pour les fen\u00eatres\" role=\"img\"\/><\/a><\/figure><\/div>\n<\/div>\n<\/div><\/div>","protected":false},"excerpt":{"rendered":"<p>Die Geb\u00e4udeh\u00fclle besteht meist aus dem Kellerboden, den Aussenw\u00e4nden und Fenstern sowie dem Dach oder Estrichboden. Dies sind jene Geb\u00e4udeteile, aus denen Energie entweichen kann, was zu Heizw\u00e4rmeverlusten f\u00fchrt. Mit sinnvollen Massnahmen und falls n\u00f6tig einer umfassenden Sanierung l\u00e4sst sich der Energieverbrauch reduzieren, was sich ebenfalls in den Kosten bemerkbar macht. Sie finden untenstehend einige [&hellip;]<\/p>\n","protected":false},"author":2,"featured_media":0,"parent":0,"menu_order":0,"comment_status":"closed","ping_status":"closed","template":"","meta":{"_uag_custom_page_level_css":"","site-sidebar-layout":"default","site-content-layout":"","ast-site-content-layout":"default","site-content-style":"default","site-sidebar-style":"default","ast-global-header-display":"","ast-banner-title-visibility":"","ast-main-header-display":"","ast-hfb-above-header-display":"","ast-hfb-below-header-display":"","ast-hfb-mobile-header-display":"","site-post-title":"","ast-breadcrumbs-content":"","ast-featured-img":"","footer-sml-layout":"","ast-disable-related-posts":"","theme-transparent-header-meta":"","adv-header-id-meta":"","stick-header-meta":"","header-above-stick-meta":"","header-main-stick-meta":"","header-below-stick-meta":"","astra-migrate-meta-layouts":"set","ast-page-background-enabled":"default","ast-page-background-meta":{"desktop":{"background-color":"var(--ast-global-color-4)","background-image":"","background-repeat":"repeat","background-position":"center center","background-size":"auto","background-attachment":"scroll","background-type":"","background-media":"","overlay-type":"","overlay-color":"","overlay-opacity":"","overlay-gradient":""},"tablet":{"background-color":"","background-image":"","background-repeat":"repeat","background-position":"center center","background-size":"auto","background-attachment":"scroll","background-type":"","background-media":"","overlay-type":"","overlay-color":"","overlay-opacity":"","overlay-gradient":""},"mobile":{"background-color":"","background-image":"","background-repeat":"repeat","background-position":"center center","background-size":"auto","background-attachment":"scroll","background-type":"","background-media":"","overlay-type":"","overlay-color":"","overlay-opacity":"","overlay-gradient":""}},"ast-content-background-meta":{"desktop":{"background-color":"var(--ast-global-color-5)","background-image":"","background-repeat":"repeat","background-position":"center center","background-size":"auto","background-attachment":"scroll","background-type":"","background-media":"","overlay-type":"","overlay-color":"","overlay-opacity":"","overlay-gradient":""},"tablet":{"background-color":"var(--ast-global-color-5)","background-image":"","background-repeat":"repeat","background-position":"center center","background-size":"auto","background-attachment":"scroll","background-type":"","background-media":"","overlay-type":"","overlay-color":"","overlay-opacity":"","overlay-gradient":""},"mobile":{"background-color":"var(--ast-global-color-5)","background-image":"","background-repeat":"repeat","background-position":"center center","background-size":"auto","background-attachment":"scroll","background-type":"","background-media":"","overlay-type":"","overlay-color":"","overlay-opacity":"","overlay-gradient":""}},"footnotes":""},"class_list":["post-989","page","type-page","status-publish","hentry"],"uagb_featured_image_src":{"full":false,"thumbnail":false,"medium":false,"medium_large":false,"large":false,"1536x1536":false,"2048x2048":false,"trp-custom-language-flag":false},"uagb_author_info":{"display_name":"Beat Bachmann","author_link":"https:\/\/energieberatung-seeland.ch\/fr_ch\/author\/lehnherre\/"},"uagb_comment_info":0,"uagb_excerpt":"Die Geb\u00e4udeh\u00fclle besteht meist aus dem Kellerboden, den Aussenw\u00e4nden und Fenstern sowie dem Dach oder Estrichboden. Dies sind jene Geb\u00e4udeteile, aus denen Energie entweichen kann, was zu Heizw\u00e4rmeverlusten f\u00fchrt. Mit sinnvollen Massnahmen und falls n\u00f6tig einer umfassenden Sanierung l\u00e4sst sich der Energieverbrauch reduzieren, was sich ebenfalls in den Kosten bemerkbar macht. Sie finden untenstehend einige\u2026","_links":{"self":[{"href":"https:\/\/energieberatung-seeland.ch\/fr_ch\/wp-json\/wp\/v2\/pages\/989","targetHints":{"allow":["GET"]}}],"collection":[{"href":"https:\/\/energieberatung-seeland.ch\/fr_ch\/wp-json\/wp\/v2\/pages"}],"about":[{"href":"https:\/\/energieberatung-seeland.ch\/fr_ch\/wp-json\/wp\/v2\/types\/page"}],"author":[{"embeddable":true,"href":"https:\/\/energieberatung-seeland.ch\/fr_ch\/wp-json\/wp\/v2\/users\/2"}],"replies":[{"embeddable":true,"href":"https:\/\/energieberatung-seeland.ch\/fr_ch\/wp-json\/wp\/v2\/comments?post=989"}],"version-history":[{"count":5,"href":"https:\/\/energieberatung-seeland.ch\/fr_ch\/wp-json\/wp\/v2\/pages\/989\/revisions"}],"predecessor-version":[{"id":1085,"href":"https:\/\/energieberatung-seeland.ch\/fr_ch\/wp-json\/wp\/v2\/pages\/989\/revisions\/1085"}],"wp:attachment":[{"href":"https:\/\/energieberatung-seeland.ch\/fr_ch\/wp-json\/wp\/v2\/media?parent=989"}],"curies":[{"name":"wp","href":"https:\/\/api.w.org\/{rel}","templated":true}]}}